{"id":769,"date":"2010-08-22T18:46:01","date_gmt":"2010-08-22T16:46:01","guid":{"rendered":"http:\/\/la-ex.net\/?page_id=769"},"modified":"2021-08-16T10:41:13","modified_gmt":"2021-08-16T08:41:13","slug":"audiovisuales-no-socio","status":"publish","type":"page","link":"https:\/\/dev.xnet-x.net\/es\/herramientas\/autores-e-interpretes\/soy-programador-y-o-autor-de-obras-audiovisuales-no-soy-socio-de-sgae\/","title":{"rendered":"Soy programador y\/o autor de obras audiovisuales, no soy socio  de SGAE"},"content":{"rendered":"<p><em>[Atenci\u00f3n. Todos estos recursos, los de la secci\u00f3n Recursos de Cultura Libre [<a href=\"https:\/\/xnet-x.net\/contactanos-para\/portal-de-cultura-libre\/\" rel=\"noopener noreferrer\" target=\"_blank\">https:\/\/xnet-x.net\/contactanos-para\/portal-de-cultura-libre\/<\/a>] est\u00e1n desactualizados desde 2010. Aunque muchos todav\u00eda pueden servir, antes de usarlos se deben revisar seg\u00fan la legislaci\u00f3n vigente.]<\/em><br \/>\n&nbsp;<\/p>\n<p><!-- \t\t@page { margin: 2cm } \t\tP { margin-bottom: 0.21cm } --><span style=\"color: #888888;\"><strong>La ley presume que el autor haya cedido sus derechos autorizatorios y recaudatorios al productor.<\/strong><\/span><\/p>\n<p><span style=\"color: #888888;\"><strong>Sin embargo si autores y productores pactan por escrito que no ha habido tal cesi\u00f3n, podr\u00e1n gestionar con mayor libertad los derechos de autor y los derechos autorizatorios.<\/strong><\/span><\/p>\n<p><span style=\"color: #888888;\"><strong>Esto es cierto menos en caso de representaci\u00f3n en actos gratuitos.<\/strong><\/span><\/p>\n<p><strong>(art.88.1\/90.2\/90.3\/90.4\/90.7\/108 LPI).<\/strong><\/p>\n<p><!-- \t\t@page { margin: 2cm } \t\tP { margin-bottom: 0.21cm } --><span style=\"font-size: medium;\"><strong>CASO DE CONTRATO ENTRE AUTOR AUDIOVISUAL\/INT\u00c9RPRETE Y PRODUCTOR (SIEMPRE, AUNQUE AUTOR Y PRODUCTOR COINCIDAN)<\/strong><\/span><\/p>\n<p><span style=\"font-size: small;\">El autor\/interprete NOMBRE AUTOR o INT\u00c9RPRETE (persona f\u00edsica en todo caso) manifiesta\u00a0a los efectos legales oportunos que\u00a0expresamente se\u00a0reserva los derechos de\u00a0explotaci\u00f3n derivados de su participaci\u00f3n en la obra\u00a0audiovisual \u00ab__________\u00bb, en concreto, los derechos de fijaci\u00f3n (int\u00e9rpretes), reproducci\u00f3n, distribuci\u00f3n, comunicaci\u00f3n p\u00fablica, as\u00ed como los de doblaje o subtitulado. En consecuencia, no podr\u00e1n entenderse ni presumirse cedidos dichos derechos a favor del productor audiovisual, precisando\u00a0la autorizaci\u00f3n expresa\u00a0del AUTOR \/ INT\u00c9RPRETE cualquier acto de explotaci\u00f3n de la obra\u00a0o grabaci\u00f3n audiovisual mencionada. El autor <\/span><span style=\"font-size: small;\">gestionar\u00e1 directamente con el programador sus derechos irrenunciables de cobro en los casos de alquiler o comunicaci\u00f3n p\u00fablica de pago de la obra arriba indicada.<\/span><\/p>\n<p><span style=\"font-size: small;\">Lugar y fecha.<\/span><\/p>\n<p><span style=\"font-size: small;\">Firma: AUTOR \/ INT\u00c9RPRETE<\/span><\/p>\n<p><span style=\"font-size: small;\">Firma: PRODUCTOR DE LA OBRA \/ GRABACI\u00d3N AUDIOVISUAL<\/span><\/p>\n<p><span style=\"color: #888888;\"><strong><br \/>\n<\/strong><\/span><\/p>\n<p><!-- \t\t@page { margin: 2cm } \t\tP { margin-bottom: 0.21cm } --><span style=\"font-size: medium;\"><strong>CASO DE CONTRATO ENTRE AUTOR AUDIOVISUAL\/INT\u00c9RPRETE Y PROGRAMADOR<\/strong><\/span><\/p>\n<p><span style=\"font-size: small;\">El autor\/int\u00e9rprete NOMBRE AUTOR o INT\u00c9RPRETE (persona f\u00edsica en todo caso) manifiesta\u00a0a los efectos legales oportunos que\u00a0expresamente se\u00a0ha reservado los derechos de\u00a0explotaci\u00f3n derivados de su participaci\u00f3n en la obra\u00a0audiovisual \u00ab__________\u00bb, en concreto, los derechos de fijaci\u00f3n (int\u00e9rpretes), reproducci\u00f3n, distribuci\u00f3n, comunicaci\u00f3n p\u00fablica, as\u00ed como los de doblaje o subtitulado. En consecuencia, no podr\u00e1n entenderse ni presumirse cedidos dichos derechos a favor del productor audiovisual.<\/span><\/p>\n<p><span style=\"font-size: small;\">El autor\/int\u00e9rprete asume todas las responsabilidades de probarse lo contrario [(el autor\/int\u00e9rprete) tiene que haber firmado previamente el enunciado 1 con el productor. El autor\/int\u00e9rprete adjunta copia de este documento)]. <\/span><\/p>\n<p><span style=\"font-size: small;\">El AUTOR \/ INT\u00c9RPRETE autoriza la comunicaci\u00f3n p\u00fablica de la obra en (evento, fecha). <\/span><\/p>\n<p><span style=\"font-size: small;\">El autor <\/span><span style=\"font-size: small;\">gestionar\u00e1 directamente sus derechos irrenunciables de cobro por comunicaci\u00f3n p\u00fablica\/alquiler con el programador.<\/span><\/p>\n<p><span style=\"font-size: small;\">El programador asume todas la responsabilidad en el caso de pagar la cantidad correspondiente a dicho cobra a personas o entidades que no sean el propio autor.<\/span><\/p>\n<p><span style=\"font-size: small;\">EL autor\/interprete acuerdan el &#8230;% de precio de las entradas vendidas en concepto de remuneraci\u00f3n obligatoria al autor para la comunicaci\u00f3n p\u00fablica de &#8230;&#8230;&#8230;&#8230;&#8230;.. en &#8230;&#8230;&#8230;&#8230;&#8230;&#8230;&#8230;.<\/span><\/p>\n<p><span style=\"font-size: small;\">Lugar y fecha.<\/span><\/p>\n<p><span style=\"font-size: small;\">Firma: AUTOR \/ INT\u00c9RPRETE<\/span><\/p>\n<p><span style=\"font-size: small;\">Firma: PRODUCTOR DE LA OBRA \/ GRABACI\u00d3N AUDIOVISUAL<\/span><\/p>\n<p><span style=\"font-size: small;\"><strong><span style=\"font-size: small;\"><br \/>\n<\/span><\/strong><strong> <\/strong><\/span><\/p>","protected":false},"excerpt":{"rendered":"<p>[Atenci\u00f3n. Todos estos recursos, los de la secci\u00f3n Recursos de Cultura Libre [https:\/\/xnet-x.net\/contactanos-para\/portal-de-cultura-libre\/] est\u00e1n desactualizados desde 2010. Aunque muchos todav\u00eda pueden servir, antes de usarlos se deben revisar seg\u00fan la legislaci\u00f3n vigente.] &nbsp; La ley presume que el autor haya cedido sus derechos autorizatorios y recaudatorios al productor. Sin embargo si autores y productores pactan [&hellip;]<\/p>\n","protected":false},"author":5,"featured_media":0,"parent":2441,"menu_order":0,"comment_status":"open","ping_status":"closed","template":"","meta":{"footnotes":""},"class_list":["post-769","page","type-page","status-publish","hentry"],"yoast_head":"<!-- This site is optimized with the Yoast SEO plugin v26.7 - https:\/\/yoast.com\/wordpress\/plugins\/seo\/ -->\n<title>Soy programador y\/o autor de obras audiovisuales, no soy socio de SGAE -<\/title>\n<meta name=\"robots\" content=\"index, follow, max-snippet:-1, max-image-preview:large, max-video-preview:-1\" \/>\n<link rel=\"canonical\" href=\"https:\/\/dev.xnet-x.net\/es\/herramientas\/autores-e-interpretes\/soy-programador-y-o-autor-de-obras-audiovisuales-no-soy-socio-de-sgae\/\" \/>\n<meta name=\"twitter:label1\" content=\"Tiempo de lectura\" \/>\n\t<meta name=\"twitter:data1\" content=\"5 minutos\" \/>\n<script type=\"application\/ld+json\" class=\"yoast-schema-graph\">{\"@context\":\"https:\/\/schema.org\",\"@graph\":[{\"@type\":\"WebPage\",\"@id\":\"https:\/\/dev.xnet-x.net\/es\/herramientas\/autores-e-interpretes\/soy-programador-y-o-autor-de-obras-audiovisuales-no-soy-socio-de-sgae\/\",\"url\":\"https:\/\/dev.xnet-x.net\/es\/herramientas\/autores-e-interpretes\/soy-programador-y-o-autor-de-obras-audiovisuales-no-soy-socio-de-sgae\/\",\"name\":\"Soy programador y\/o autor de obras audiovisuales, no soy socio de SGAE -\",\"isPartOf\":{\"@id\":\"https:\/\/dev.xnet-x.net\/es\/#website\"},\"datePublished\":\"2010-08-22T16:46:01+00:00\",\"dateModified\":\"2021-08-16T08:41:13+00:00\",\"breadcrumb\":{\"@id\":\"https:\/\/dev.xnet-x.net\/es\/herramientas\/autores-e-interpretes\/soy-programador-y-o-autor-de-obras-audiovisuales-no-soy-socio-de-sgae\/#breadcrumb\"},\"inLanguage\":\"es\",\"potentialAction\":[{\"@type\":\"ReadAction\",\"target\":[[\"https:\/\/dev.xnet-x.net\/es\/herramientas\/autores-e-interpretes\/soy-programador-y-o-autor-de-obras-audiovisuales-no-soy-socio-de-sgae\/\"]]}]},{\"@type\":\"BreadcrumbList\",\"@id\":\"https:\/\/dev.xnet-x.net\/es\/herramientas\/autores-e-interpretes\/soy-programador-y-o-autor-de-obras-audiovisuales-no-soy-socio-de-sgae\/#breadcrumb\",\"itemListElement\":[{\"@type\":\"ListItem\",\"position\":1,\"name\":\"Portada\",\"item\":\"https:\/\/dev.xnet-x.net\/es\/\"},{\"@type\":\"ListItem\",\"position\":2,\"name\":\"Herramientas\",\"item\":\"https:\/\/dev.xnet-x.net\/es\/herramientas\/\"},{\"@type\":\"ListItem\",\"position\":3,\"name\":\"Autores e int\u00e9rpretes\",\"item\":\"https:\/\/dev.xnet-x.net\/es\/herramientas\/autores-e-interpretes\/\"},{\"@type\":\"ListItem\",\"position\":4,\"name\":\"Soy programador y\/o autor de obras audiovisuales, no soy socio de SGAE\"}]},{\"@type\":\"WebSite\",\"@id\":\"https:\/\/dev.xnet-x.net\/es\/#website\",\"url\":\"https:\/\/dev.xnet-x.net\/es\/\",\"name\":\"[:es]Xnet - Internet, derechos y democracia en la era digital[:ca]Xnet - Internet, drets i democr\u00e0cia en l'era digital[:en]Xnet - Internet freedoms & digital rights[:]\",\"description\":\"Xnet: Internet, informaci\u00f3n y cultura libres. Tecnopol\u00edtica. Datos, algoritmos y derechos digitales. Libertad de expresi\u00f3n. Democracia y anticorrupci\u00f3n\",\"publisher\":{\"@id\":\"https:\/\/dev.xnet-x.net\/es\/#organization\"},\"potentialAction\":[{\"@type\":\"SearchAction\",\"target\":{\"@type\":\"EntryPoint\",\"urlTemplate\":\"https:\/\/dev.xnet-x.net\/es\/?s={search_term_string}\"},\"query-input\":{\"@type\":\"PropertyValueSpecification\",\"valueRequired\":true,\"valueName\":\"search_term_string\"}}],\"inLanguage\":\"es\"},{\"@type\":\"Organization\",\"@id\":\"https:\/\/dev.xnet-x.net\/es\/#organization\",\"name\":\"Xnet - Internet, derechos y democracia en la era digital\",\"url\":\"https:\/\/dev.xnet-x.net\/es\/\",\"logo\":{\"@type\":\"ImageObject\",\"inLanguage\":\"es\",\"@id\":\"https:\/\/dev.xnet-x.net\/es\/#\/schema\/logo\/image\/\",\"url\":\"https:\/\/xnet-x.net\/img\/xnet-logo.png\",\"contentUrl\":\"https:\/\/xnet-x.net\/img\/xnet-logo.png\",\"width\":512,\"height\":512,\"caption\":\"Xnet - Internet, derechos y democracia en la era digital\"},\"image\":{\"@id\":\"https:\/\/dev.xnet-x.net\/es\/#\/schema\/logo\/image\/\"},\"sameAs\":[\"http:\/\/facebook.com\/RedX.Net\/\",\"https:\/\/x.com\/x_net_\",\"https:\/\/es.wikipedia.org\/wiki\/Xnet\"]}]}<\/script>\n<!-- \/ Yoast SEO plugin. -->","yoast_head_json":{"title":"Soy programador y\/o autor de obras audiovisuales, no soy socio de SGAE -","robots":{"index":"index","follow":"follow","max-snippet":"max-snippet:-1","max-image-preview":"max-image-preview:large","max-video-preview":"max-video-preview:-1"},"canonical":"https:\/\/dev.xnet-x.net\/es\/herramientas\/autores-e-interpretes\/soy-programador-y-o-autor-de-obras-audiovisuales-no-soy-socio-de-sgae\/","twitter_misc":{"Tiempo de lectura":"5 minutos"},"schema":{"@context":"https:\/\/schema.org","@graph":[{"@type":"WebPage","@id":"https:\/\/dev.xnet-x.net\/es\/herramientas\/autores-e-interpretes\/soy-programador-y-o-autor-de-obras-audiovisuales-no-soy-socio-de-sgae\/","url":"https:\/\/dev.xnet-x.net\/es\/herramientas\/autores-e-interpretes\/soy-programador-y-o-autor-de-obras-audiovisuales-no-soy-socio-de-sgae\/","name":"Soy programador y\/o autor de obras audiovisuales, no soy socio de SGAE -","isPartOf":{"@id":"https:\/\/dev.xnet-x.net\/es\/#website"},"datePublished":"2010-08-22T16:46:01+00:00","dateModified":"2021-08-16T08:41:13+00:00","breadcrumb":{"@id":"https:\/\/dev.xnet-x.net\/es\/herramientas\/autores-e-interpretes\/soy-programador-y-o-autor-de-obras-audiovisuales-no-soy-socio-de-sgae\/#breadcrumb"},"inLanguage":"es","potentialAction":[{"@type":"ReadAction","target":[["https:\/\/dev.xnet-x.net\/es\/herramientas\/autores-e-interpretes\/soy-programador-y-o-autor-de-obras-audiovisuales-no-soy-socio-de-sgae\/"]]}]},{"@type":"BreadcrumbList","@id":"https:\/\/dev.xnet-x.net\/es\/herramientas\/autores-e-interpretes\/soy-programador-y-o-autor-de-obras-audiovisuales-no-soy-socio-de-sgae\/#breadcrumb","itemListElement":[{"@type":"ListItem","position":1,"name":"Portada","item":"https:\/\/dev.xnet-x.net\/es\/"},{"@type":"ListItem","position":2,"name":"Herramientas","item":"https:\/\/dev.xnet-x.net\/es\/herramientas\/"},{"@type":"ListItem","position":3,"name":"Autores e int\u00e9rpretes","item":"https:\/\/dev.xnet-x.net\/es\/herramientas\/autores-e-interpretes\/"},{"@type":"ListItem","position":4,"name":"Soy programador y\/o autor de obras audiovisuales, no soy socio de SGAE"}]},{"@type":"WebSite","@id":"https:\/\/dev.xnet-x.net\/es\/#website","url":"https:\/\/dev.xnet-x.net\/es\/","name":"[:es]Xnet - Internet, derechos y democracia en la era digital[:ca]Xnet - Internet, drets i democr\u00e0cia en l'era digital[:en]Xnet - Internet freedoms & digital rights[:]","description":"Xnet: Internet, informaci\u00f3n y cultura libres. Tecnopol\u00edtica. Datos, algoritmos y derechos digitales. Libertad de expresi\u00f3n. Democracia y anticorrupci\u00f3n","publisher":{"@id":"https:\/\/dev.xnet-x.net\/es\/#organization"},"potentialAction":[{"@type":"SearchAction","target":{"@type":"EntryPoint","urlTemplate":"https:\/\/dev.xnet-x.net\/es\/?s={search_term_string}"},"query-input":{"@type":"PropertyValueSpecification","valueRequired":true,"valueName":"search_term_string"}}],"inLanguage":"es"},{"@type":"Organization","@id":"https:\/\/dev.xnet-x.net\/es\/#organization","name":"Xnet - Internet, derechos y democracia en la era digital","url":"https:\/\/dev.xnet-x.net\/es\/","logo":{"@type":"ImageObject","inLanguage":"es","@id":"https:\/\/dev.xnet-x.net\/es\/#\/schema\/logo\/image\/","url":"https:\/\/xnet-x.net\/img\/xnet-logo.png","contentUrl":"https:\/\/xnet-x.net\/img\/xnet-logo.png","width":512,"height":512,"caption":"Xnet - Internet, derechos y democracia en la era digital"},"image":{"@id":"https:\/\/dev.xnet-x.net\/es\/#\/schema\/logo\/image\/"},"sameAs":["http:\/\/facebook.com\/RedX.Net\/","https:\/\/x.com\/x_net_","https:\/\/es.wikipedia.org\/wiki\/Xnet"]}]}},"_links":{"self":[{"href":"https:\/\/dev.xnet-x.net\/es\/wp-json\/wp\/v2\/pages\/769","targetHints":{"allow":["GET"]}}],"collection":[{"href":"https:\/\/dev.xnet-x.net\/es\/wp-json\/wp\/v2\/pages"}],"about":[{"href":"https:\/\/dev.xnet-x.net\/es\/wp-json\/wp\/v2\/types\/page"}],"author":[{"embeddable":true,"href":"https:\/\/dev.xnet-x.net\/es\/wp-json\/wp\/v2\/users\/5"}],"replies":[{"embeddable":true,"href":"https:\/\/dev.xnet-x.net\/es\/wp-json\/wp\/v2\/comments?post=769"}],"version-history":[{"count":3,"href":"https:\/\/dev.xnet-x.net\/es\/wp-json\/wp\/v2\/pages\/769\/revisions"}],"predecessor-version":[{"id":22581,"href":"https:\/\/dev.xnet-x.net\/es\/wp-json\/wp\/v2\/pages\/769\/revisions\/22581"}],"up":[{"embeddable":true,"href":"https:\/\/dev.xnet-x.net\/es\/wp-json\/wp\/v2\/pages\/2441"}],"wp:attachment":[{"href":"https:\/\/dev.xnet-x.net\/es\/wp-json\/wp\/v2\/media?parent=769"}],"curies":[{"name":"wp","href":"https:\/\/api.w.org\/{rel}","templated":true}]}}