{"id":268,"date":"2009-10-05T23:37:18","date_gmt":"2009-10-05T21:37:18","guid":{"rendered":"http:\/\/la-ex.net\/?page_id=268"},"modified":"2021-08-19T14:38:17","modified_gmt":"2021-08-19T12:38:17","slug":"llamamiento-a-la-accion","status":"publish","type":"page","link":"https:\/\/dev.xnet-x.net\/es\/proyectos\/llamamiento-a-la-accion-memorandum-ilegal-para-el-presidente\/","title":{"rendered":"Llamamiento a la acci\u00f3n: memorandum (ilegal) para el Presidente"},"content":{"rendered":"<p><\/p>\n<p style=\"text-align: left;\"><strong>Si arrasan nuestros derechos&#8230;<br \/>\nhartos del pillaje, los ciudadanos nos organizamos y tomamos cartas en el asunto: organizaci\u00f3n y acci\u00f3n.<\/strong><\/p>\n<p style=\"text-align: right;\"><em>\u201cLa batalla por el acceso a internet y a la informaci\u00f3n es la madre de todas las batallas, es lo que nos permitir\u00e1 levantar cabeza aut\u00f3noma y creativamente en tiempos de crisis , independientemente de lo que los poderes f\u00e1cticos \u00aborganicen\u00bb para preservar sus propios intereses&#8230;\u201d<br \/>\nZaphod beeblebrox, pensamientos digitales<\/em><\/p>\n<p style=\"text-align: left;\">Nos parecer\u00e1 raro pero una de las cosas de las que Zapatero habla con Obama de forma m\u00e1s urgente, ser\u00e1n los\u00a0 derechos de autor e internet.<br \/>\nNo debe extra\u00f1arnos: la industria \u00abcreativa\u00bb es la 3\u00aa fuente de ingresos para las econom\u00edas norteamericanas y europeas, y los lobbies de presi\u00f3n y de inter\u00e9s sobre esta materia son poderos\u00edsimos, obsoletos y poco dispuestos a renovarse y a tomar en cuenta los intereses generales (v\u00e9ase nuestra sgae).<\/p>\n<p>En 2009 la c\u00e1mara de comercio de eeuu ha emitido un informe (el report 301) en que acusa espa\u00f1a de ser el 4\u00ba pa\u00eds m\u00e1s \u00abpirata\u00bb despu\u00e9s de China (\u00a1aaargh! \u00a1\u00a1el peligro amarillo!!) y Canad\u00e1`(glups&#8230;\u00bfqu\u00e9 peligro es este?) y nos impone algunos truquillos policiales que aplicar inmediatamente.<\/p>\n<p>El gobierno y la oposici\u00f3n como un solo hombre se han lanzado de cabeza a acatar el Report 301 como si de orden divina se tratar, olvid\u00e1ndose de 3 cosas bastante importantes para nuestro futuro (econ\u00f3mico, entre otras cosas):<\/p>\n<p><strong>1-<\/strong> Cuando los comerciantes de EEUU habla de \u00abpirater\u00eda\u00bb, en el caso del estado espa\u00f1ol se refieren a nuestro legal derecho de copia y de intercambio de informaci\u00f3n; ellos, los estadounidenses, tienen algo parecido que se llama \u00abfair use\u00bb pero con estilo propiamente colonial quieren que nosotros nos quedemos sin cuando ellos se quedan con;<\/p>\n<p><strong>2 &#8211;<\/strong> sin faltar al respeto a las instituciones americanas que defienden intereses norteamericanos \u2013 como el mismo nombre indica &#8211; , tanto nuestro gobierno como nuestra oposici\u00f3n, deber\u00edan recordar que el modelo norteamericano ha mostrado alg\u00fan que otro fallo \u00faltimamente &#8211; v\u00e9ase crisis mundial &#8211; y que ellos est\u00e1n ah\u00ed para defender las especificidades nuestras, sobre todo las que traen ventajas y progreso;<\/p>\n<p><strong>3 &#8211;<\/strong> es inmoral y antiecon\u00f3mico acatar la perspectiva predigital de lobbies de presi\u00f3n arcaicos (v\u00e9ase Sgae), dado que internet ya se ha inventado. \u00bfqu\u00e9 tal si lo aprovech\u00e1semos?<\/p>\n<p><em><strong><\/strong><\/em><\/p>\n<p style=\"text-align: left;\"><em><strong>Por todo esto miles de ciudadanos y de organizaciones, cientos de artistas, nos hemos organizados e invitamos todo el mundo a pasar a la acci\u00f3n:<\/strong><\/em><\/p>\n<p><strong>Porque en \u00e9poca de crisis el Parlamento Europeo esta discutiendo como quitar a los ciudadanos una de las pocas herramientas para levantar cabeza que le queda, el acceso abierto a internet, y darlo en regalo a las multinacionales (no es ciencia ficci\u00f3n esta pasando en estos d\u00edas &#8211; mira los enlaces m\u00e1s abajo[1]);<\/strong><\/p>\n<p><strong>porque debemos poder beneficiarnos de la difusi\u00f3n de lo que hacemos;<\/strong><\/p>\n<p><strong>porque estamos hartos del pillaje de las entidades de gesti\u00f3n y de la sgae;<\/strong><\/p>\n<p><strong>porque en nombre de los artistas se quiere limitar el derecho de expresi\u00f3n y de desarrollo (tampoco esto es ciencia ficci\u00f3n &#8211; desde junio 2009 el parlamento espa\u00f1ol tiene una comisi\u00f3n encargada de modificar la ley de propiedad intelectual. es necesario que la presi\u00f3n de la sociedad civil sea superior a la de los lobbies de la industria cultural, sgae y familia) ;<\/strong><\/p>\n<p><strong>porque su negocio no es nuestra cultura;<\/strong><\/p>\n<p><strong>porque tambi\u00e9n los artistas, pero no s\u00f3lo, tienen que poder vivir de su trabajo si as\u00ed lo necesitan;<\/strong><\/p>\n<p><strong>porque la avaricia rompe el saco como deber\u00edamos haber comprendido con esta crisis que ha demostrado que vivimos en un sistema donde se pretende que entre todos protejamos los intereses de los bancos y de las grandes multinacionales con la esperanza de que un d\u00eda nos den trabajo por las migajas de sus ganancias.<br \/>\nLa filosof\u00eda de la cultura libre, heredada del software libre, la mayor demostraci\u00f3n emp\u00edrica de que una nueva \u00e9tica y una nueva empresa son posibles, ha creado ya un espacio productivo alternativo que funciona y que apuesta por la \u00abartesan\u00eda\u00bb, donde el autor-productor no pierde el control de la producci\u00f3n y no necesita intermediaci\u00f3n de grandes monopolios, apuesta por iniciativas aut\u00f3nomas en relaci\u00f3n solidaria con otras, por el intercambio seg\u00fan las capacidades y las posibilidades, por la democratizaci\u00f3n del conocimiento, del aprendizaje y de los medios de producci\u00f3n, por la abundancia en lugar de la escasez y por las ganancias repartidas de forma justa seg\u00fan el trabajo.<br \/>\n<\/strong><\/p>\n<p style=\"text-align: center;\">Y porque los hechos valen m\u00e1s que las palabras&#8230;<br \/>\naqu\u00ed est\u00e1n otra vez &#8230;<\/p>\n<p style=\"text-align: center;\">\n<p><big><br \/>\n<\/big><\/p>\n<p style=\"text-align: center;\"><span style=\"color: #ff0000;\"><big><strong>Los Oxcars<\/strong><br \/>\n29 de octubre 2009 &#8211; Sala Apolo, Barcelona<br \/>\nEl mayor evento de cultura libre de todos los tiempos<br \/>\nLa excelencia es compartir<br \/>\n<a href=\"http:\/\/oxcars09.xnet-x.net\" target=\"_blank\" rel=\"noopener noreferrer\">http:\/\/oxcars09.xnet-x.net<\/a><\/big><\/span><\/p>\n<p><big><\/big><\/p>\n<p style=\"text-align: center;\">Y por primera vez presentamos<br \/>\n<span style=\"color: #339966;\"><big><strong>Fcforum, el foro internacional de cultura libre:<br \/>\norganizaci\u00f3n y acci\u00f3n<\/strong><br \/>\n30 de octubre a 1 de noviembre 2009<br \/>\nque pondr\u00e1 negro sobre blanco las pol\u00edticas para la era digital que queremos los ciudadanos, t\u00fa y yo<br \/>\n(y esto no es ciencia ficci\u00f3n ;-)<\/big><br \/>\n<a href=\"http:\/\/oxcars09.xnet-x.net\" target=\"_blank\" rel=\"noopener noreferrer\">http:\/\/fcforum.net\/es<\/a><\/span><\/p>\n<p style=\"text-align: left;\">\n<p style=\"text-align: left;\">Esta es una invitaci\u00f3n para todos.<br \/>\nLos Oxcars (5 horas de cultura non-stop -3 \u20ac de bono de ayuda) y el foro para la cultura libre est\u00e1n abierto a todos. ven, ent\u00e9rate de absolutamente todo y luego, si quieres, participa.<\/p>\n<p>Esta invitaci\u00f3n la hemos enviado a m\u00e1s de 1000 organizaciones entre gobiernos, instituciones y grupos nacionales e internacionales responsables por el desarrollo de la sociedad dentro del nuevo contesto digital, para que escuchen y comprendan. Muchos legislan sin saber esto de qu\u00e8 va.<br \/>\nEn unos d\u00edas revelaremos de todos y cada uno como han reaccionado a la invitaci\u00f3n (\u00a1vais a flipar!).<\/p>\n<p>La invitaci\u00f3n tambi\u00e9n la hemos enviado a Obama y a Zapatero que, muy mal aconsejado (lo acoseja la Sgae), nos preocupa que meta la pata: la administraci\u00f3n obama ya ha liberado todos los documentos p\u00fablicos de la Casa Blanca en copyleft; tambi\u00e9n defiende la inviolabilidad de un internet abierto y no en mano de decisiones privadas&#8230; o al menos ha hecho el amago. Zapatero, no seas m\u00e1s papista que el Papa, no nos hagas quedar prehist\u00f3ricos.<br \/>\n<a href=\"http:\/\/oxcars09.xnet-x.net\" target=\"_blank\" rel=\"noopener noreferrer\"><br \/>\n<\/a><strong><a href=\"http:\/\/oxcars09.xnet-x.net\" target=\"_blank\" rel=\"noopener noreferrer\">http:\/\/oxcars09.xnet-x.net<\/a><br \/>\n<a href=\"http:\/\/fcforum.net\" target=\"_blank\" rel=\"noopener noreferrer\">http:\/\/fcforum.net<\/a><\/strong><\/p>\n<p>Por favor, comparte la informaci\u00f3n. Multiplica y reenv\u00eda.<br \/>\n<em><\/em><\/p>\n<p style=\"text-align: right;\"><em><br \/>\n\u201cYa no pas\u00f3 con la inquisici\u00f3n: el progreso digital es imparable, la cuesti\u00f3n es solo cuantos a\u00f1os de sufrimiento, estancamiento e oscurantismo tendremos que aguantar antes de que reconozcan que sus intereses no son el centro del universo\u201d.<br \/>\nCayce pollard, proverbios vogones<\/em><\/p>\n<p>[Por cierto, este mensaje es ilegal: las citaciones son ilegales si no son por fines docente y de investigaci\u00f3n. el fin informativo no est\u00e1 permitido&#8230; y no es ciencia ficci\u00f3n (art. 32 ley de propiedad intelectual)]<\/p>\n<p style=\"text-align: left;\">&#8212;&#8212;&#8211;<strong><br \/>\nMaterial de inter\u00e9s relacionado:<\/strong><\/p>\n<p><strong>[1] &#8211;<\/strong> Durante el foro de cultura libre podr\u00e1s colaborar en vivo y en directo con las organizaciones que est\u00e1n haciendo acciones de presi\u00f3n en el Parlamento Europeo justo en estos d\u00edas que se discute el temible Telecoms Package.<br \/>\nAqu\u00ed puedes ver de qu\u00e9 se trata:<br \/>\n<a href=\"\/defiende-internet\" target=\"_blank\" rel=\"noopener noreferrer\">http:\/\/xnet-x.net\/defiende-internet<\/a><br \/>\n<a href=\"http:\/\/www.internautas.org\/html\/5726.html\" target=\"_blank\" rel=\"noopener noreferrer\">http:\/\/www.internautas.org\/html\/5726.html<\/a><\/p>\n<p><a href=\"http:\/\/werebuild.eu\/wiki\/index.php\/operation_revelation\" target=\"_blank\" rel=\"noopener noreferrer\">Aqu\u00ed<\/a> La composici\u00f3n de la comisi\u00f3n, <a href=\"http:\/\/www.laquadrature.net\/wiki\/telecoms_package-conciliation_committe-parliament_delegation#political_memory:_meps_ranking_by_score\" target=\"_blank\" rel=\"noopener noreferrer\">c\u00f3mo ha votado<\/a> (de verde a rojo: de m\u00e1s favorable para los ciudadanos a m\u00e1s favorable a las multinacionales) y a quien tenemos que presionar por cada pa\u00eds (en Espa\u00f1a a Aleix Vidal-Cuadras, Pilar del Castillo, Teresa Riera Madurell: si los conoces, habla con ellos; si no los conoces, ll\u00e1males por tel\u00e9fono. en los pr\u00f3ximos links como hacerlo).<\/p>\n<p>\u00bfQu\u00e9 hay que decirles?: defender el art\u00edculo 138 original, no el \u201cblando\u201d. es decir: ning\u00fan organismo privado puede vigilar tu comunicaci\u00f3n digital si no hay orden judicial, o sea, la Sgae no puede hurgar en tu ordenador.<br \/>\nEnv\u00eda, pues a los europarlamentarios la siguiente frase (esta acci\u00f3n se est\u00e1 haciendo en toda Europa):<br \/>\n\u00abPara restringir las libertades b\u00e1sicas, en una democracia es indispensable una orden judicial previa. Los derechos b\u00e1sicos tienen que defenderse tambi\u00e9n en entorno digital. En el paquete de las telecomunicaciones te pido que defiendas los derechos fundamentales; defiende la enmienda 138 en su integridad\u201d (no los insultes sin\u00f3 marcar\u00e1n como spam tu correo. <a href=\"http:\/\/www.laquadrature.net\/wiki\/telecoms_package-conciliation_committe-parliament_delegation#political_memory:_meps_ranking_by_score\" target=\"_blank\" rel=\"noopener noreferrer\">aqu\u00ed sus direcciones y tel\u00e9fonos<\/a>).<\/p>\n<p><span style=\"color: #000000;\"><strong>2 \u2013<\/strong><\/span> Para vuestra informaci\u00f3n, algo nuevo sobre cultura libre. Fresco fresco acaba de salir el documental por internet \u201cOc\u00e9anos digitales\u201d:<br \/>\n<a href=\"http:\/\/www.oceanosdigitales.net\/\" target=\"_blank\" rel=\"noopener noreferrer\">http:\/\/www.oceanosdigitales.net\/<\/a><\/p>","protected":false},"excerpt":{"rendered":"<p>Si arrasan nuestros derechos&#8230; hartos del pillaje, los ciudadanos nos organizamos y tomamos cartas en el asunto: organizaci\u00f3n y acci\u00f3n. \u201cLa batalla por el acceso a internet y a la informaci\u00f3n es la madre de todas las batallas, es lo que nos permitir\u00e1 levantar cabeza aut\u00f3noma y creativamente en tiempos de crisis , independientemente de [&hellip;]<\/p>\n","protected":false},"author":5,"featured_media":0,"parent":2992,"menu_order":0,"comment_status":"open","ping_status":"closed","template":"","meta":{"footnotes":""},"class_list":["post-268","page","type-page","status-publish","hentry"],"yoast_head":"<!-- This site is optimized with the Yoast SEO plugin v26.7 - https:\/\/yoast.com\/wordpress\/plugins\/seo\/ -->\n<title>Llamamiento a la acci\u00f3n: memorandum (ilegal) para el Presidente -<\/title>\n<meta name=\"robots\" content=\"index, follow, max-snippet:-1, max-image-preview:large, max-video-preview:-1\" \/>\n<link rel=\"canonical\" href=\"https:\/\/dev.xnet-x.net\/es\/proyectos\/llamamiento-a-la-accion-memorandum-ilegal-para-el-presidente\/\" \/>\n<meta name=\"twitter:label1\" content=\"Tiempo de lectura\" \/>\n\t<meta name=\"twitter:data1\" content=\"15 minutos\" \/>\n<script type=\"application\/ld+json\" class=\"yoast-schema-graph\">{\"@context\":\"https:\/\/schema.org\",\"@graph\":[{\"@type\":\"WebPage\",\"@id\":\"https:\/\/dev.xnet-x.net\/es\/proyectos\/llamamiento-a-la-accion-memorandum-ilegal-para-el-presidente\/\",\"url\":\"https:\/\/dev.xnet-x.net\/es\/proyectos\/llamamiento-a-la-accion-memorandum-ilegal-para-el-presidente\/\",\"name\":\"Llamamiento a la acci\u00f3n: memorandum (ilegal) para el Presidente -\",\"isPartOf\":{\"@id\":\"https:\/\/dev.xnet-x.net\/es\/#website\"},\"datePublished\":\"2009-10-05T21:37:18+00:00\",\"dateModified\":\"2021-08-19T12:38:17+00:00\",\"breadcrumb\":{\"@id\":\"https:\/\/dev.xnet-x.net\/es\/proyectos\/llamamiento-a-la-accion-memorandum-ilegal-para-el-presidente\/#breadcrumb\"},\"inLanguage\":\"es\",\"potentialAction\":[{\"@type\":\"ReadAction\",\"target\":[[\"https:\/\/dev.xnet-x.net\/es\/proyectos\/llamamiento-a-la-accion-memorandum-ilegal-para-el-presidente\/\"]]}]},{\"@type\":\"BreadcrumbList\",\"@id\":\"https:\/\/dev.xnet-x.net\/es\/proyectos\/llamamiento-a-la-accion-memorandum-ilegal-para-el-presidente\/#breadcrumb\",\"itemListElement\":[{\"@type\":\"ListItem\",\"position\":1,\"name\":\"Portada\",\"item\":\"https:\/\/dev.xnet-x.net\/es\/\"},{\"@type\":\"ListItem\",\"position\":2,\"name\":\"Proyectos\",\"item\":\"https:\/\/dev.xnet-x.net\/es\/proyectos\/\"},{\"@type\":\"ListItem\",\"position\":3,\"name\":\"Llamamiento a la acci\u00f3n: memorandum (ilegal) para el Presidente\"}]},{\"@type\":\"WebSite\",\"@id\":\"https:\/\/dev.xnet-x.net\/es\/#website\",\"url\":\"https:\/\/dev.xnet-x.net\/es\/\",\"name\":\"[:es]Xnet - Internet, derechos y democracia en la era digital[:ca]Xnet - Internet, drets i democr\u00e0cia en l'era digital[:en]Xnet - Internet freedoms & digital rights[:]\",\"description\":\"Xnet: Internet, informaci\u00f3n y cultura libres. Tecnopol\u00edtica. Datos, algoritmos y derechos digitales. Libertad de expresi\u00f3n. Democracia y anticorrupci\u00f3n\",\"publisher\":{\"@id\":\"https:\/\/dev.xnet-x.net\/es\/#organization\"},\"potentialAction\":[{\"@type\":\"SearchAction\",\"target\":{\"@type\":\"EntryPoint\",\"urlTemplate\":\"https:\/\/dev.xnet-x.net\/es\/?s={search_term_string}\"},\"query-input\":{\"@type\":\"PropertyValueSpecification\",\"valueRequired\":true,\"valueName\":\"search_term_string\"}}],\"inLanguage\":\"es\"},{\"@type\":\"Organization\",\"@id\":\"https:\/\/dev.xnet-x.net\/es\/#organization\",\"name\":\"Xnet - Internet, derechos y democracia en la era digital\",\"url\":\"https:\/\/dev.xnet-x.net\/es\/\",\"logo\":{\"@type\":\"ImageObject\",\"inLanguage\":\"es\",\"@id\":\"https:\/\/dev.xnet-x.net\/es\/#\/schema\/logo\/image\/\",\"url\":\"https:\/\/xnet-x.net\/img\/xnet-logo.png\",\"contentUrl\":\"https:\/\/xnet-x.net\/img\/xnet-logo.png\",\"width\":512,\"height\":512,\"caption\":\"Xnet - Internet, derechos y democracia en la era digital\"},\"image\":{\"@id\":\"https:\/\/dev.xnet-x.net\/es\/#\/schema\/logo\/image\/\"},\"sameAs\":[\"http:\/\/facebook.com\/RedX.Net\/\",\"https:\/\/x.com\/x_net_\",\"https:\/\/es.wikipedia.org\/wiki\/Xnet\"]}]}<\/script>\n<!-- \/ Yoast SEO plugin. -->","yoast_head_json":{"title":"Llamamiento a la acci\u00f3n: memorandum (ilegal) para el Presidente -","robots":{"index":"index","follow":"follow","max-snippet":"max-snippet:-1","max-image-preview":"max-image-preview:large","max-video-preview":"max-video-preview:-1"},"canonical":"https:\/\/dev.xnet-x.net\/es\/proyectos\/llamamiento-a-la-accion-memorandum-ilegal-para-el-presidente\/","twitter_misc":{"Tiempo de lectura":"15 minutos"},"schema":{"@context":"https:\/\/schema.org","@graph":[{"@type":"WebPage","@id":"https:\/\/dev.xnet-x.net\/es\/proyectos\/llamamiento-a-la-accion-memorandum-ilegal-para-el-presidente\/","url":"https:\/\/dev.xnet-x.net\/es\/proyectos\/llamamiento-a-la-accion-memorandum-ilegal-para-el-presidente\/","name":"Llamamiento a la acci\u00f3n: memorandum (ilegal) para el Presidente -","isPartOf":{"@id":"https:\/\/dev.xnet-x.net\/es\/#website"},"datePublished":"2009-10-05T21:37:18+00:00","dateModified":"2021-08-19T12:38:17+00:00","breadcrumb":{"@id":"https:\/\/dev.xnet-x.net\/es\/proyectos\/llamamiento-a-la-accion-memorandum-ilegal-para-el-presidente\/#breadcrumb"},"inLanguage":"es","potentialAction":[{"@type":"ReadAction","target":[["https:\/\/dev.xnet-x.net\/es\/proyectos\/llamamiento-a-la-accion-memorandum-ilegal-para-el-presidente\/"]]}]},{"@type":"BreadcrumbList","@id":"https:\/\/dev.xnet-x.net\/es\/proyectos\/llamamiento-a-la-accion-memorandum-ilegal-para-el-presidente\/#breadcrumb","itemListElement":[{"@type":"ListItem","position":1,"name":"Portada","item":"https:\/\/dev.xnet-x.net\/es\/"},{"@type":"ListItem","position":2,"name":"Proyectos","item":"https:\/\/dev.xnet-x.net\/es\/proyectos\/"},{"@type":"ListItem","position":3,"name":"Llamamiento a la acci\u00f3n: memorandum (ilegal) para el Presidente"}]},{"@type":"WebSite","@id":"https:\/\/dev.xnet-x.net\/es\/#website","url":"https:\/\/dev.xnet-x.net\/es\/","name":"[:es]Xnet - Internet, derechos y democracia en la era digital[:ca]Xnet - Internet, drets i democr\u00e0cia en l'era digital[:en]Xnet - Internet freedoms & digital rights[:]","description":"Xnet: Internet, informaci\u00f3n y cultura libres. Tecnopol\u00edtica. Datos, algoritmos y derechos digitales. Libertad de expresi\u00f3n. Democracia y anticorrupci\u00f3n","publisher":{"@id":"https:\/\/dev.xnet-x.net\/es\/#organization"},"potentialAction":[{"@type":"SearchAction","target":{"@type":"EntryPoint","urlTemplate":"https:\/\/dev.xnet-x.net\/es\/?s={search_term_string}"},"query-input":{"@type":"PropertyValueSpecification","valueRequired":true,"valueName":"search_term_string"}}],"inLanguage":"es"},{"@type":"Organization","@id":"https:\/\/dev.xnet-x.net\/es\/#organization","name":"Xnet - Internet, derechos y democracia en la era digital","url":"https:\/\/dev.xnet-x.net\/es\/","logo":{"@type":"ImageObject","inLanguage":"es","@id":"https:\/\/dev.xnet-x.net\/es\/#\/schema\/logo\/image\/","url":"https:\/\/xnet-x.net\/img\/xnet-logo.png","contentUrl":"https:\/\/xnet-x.net\/img\/xnet-logo.png","width":512,"height":512,"caption":"Xnet - Internet, derechos y democracia en la era digital"},"image":{"@id":"https:\/\/dev.xnet-x.net\/es\/#\/schema\/logo\/image\/"},"sameAs":["http:\/\/facebook.com\/RedX.Net\/","https:\/\/x.com\/x_net_","https:\/\/es.wikipedia.org\/wiki\/Xnet"]}]}},"_links":{"self":[{"href":"https:\/\/dev.xnet-x.net\/es\/wp-json\/wp\/v2\/pages\/268","targetHints":{"allow":["GET"]}}],"collection":[{"href":"https:\/\/dev.xnet-x.net\/es\/wp-json\/wp\/v2\/pages"}],"about":[{"href":"https:\/\/dev.xnet-x.net\/es\/wp-json\/wp\/v2\/types\/page"}],"author":[{"embeddable":true,"href":"https:\/\/dev.xnet-x.net\/es\/wp-json\/wp\/v2\/users\/5"}],"replies":[{"embeddable":true,"href":"https:\/\/dev.xnet-x.net\/es\/wp-json\/wp\/v2\/comments?post=268"}],"version-history":[{"count":7,"href":"https:\/\/dev.xnet-x.net\/es\/wp-json\/wp\/v2\/pages\/268\/revisions"}],"predecessor-version":[{"id":22952,"href":"https:\/\/dev.xnet-x.net\/es\/wp-json\/wp\/v2\/pages\/268\/revisions\/22952"}],"up":[{"embeddable":true,"href":"https:\/\/dev.xnet-x.net\/es\/wp-json\/wp\/v2\/pages\/2992"}],"wp:attachment":[{"href":"https:\/\/dev.xnet-x.net\/es\/wp-json\/wp\/v2\/media?parent=268"}],"curies":[{"name":"wp","href":"https:\/\/api.w.org\/{rel}","templated":true}]}}