{"id":267,"date":"2009-10-05T17:18:57","date_gmt":"2009-10-05T15:18:57","guid":{"rendered":"http:\/\/la-ex.net\/?page_id=267"},"modified":"2011-03-24T17:33:18","modified_gmt":"2011-03-24T16:33:18","slug":"defiende-internet","status":"publish","type":"page","link":"https:\/\/dev.xnet-x.net\/es\/consulta-abogados\/defiende-internet\/","title":{"rendered":"Defiende Internet"},"content":{"rendered":"<p><small>(Noticias enviada por <a href=\"http:\/\/es.ffii.org\/\" target=\"_blank\">FFII<\/a>)<\/small><\/p>\n<p>En <a href=\"http:\/\/www.euopeninternet.eu\" target=\"_blank\">http:\/\/www.euopeninternet.eu<\/a> se est\u00e1n recogiendo firmas para esta petici\u00f3n con motivo de las decisiones que se est\u00e1n tomando a nivel europeo relativas al libre acceso a Internet.<br \/>\nSi crees que Europa se merece un Internet libre y abierto de acuerdo con los siguientes principios, firma esta petici\u00f3n en la p\u00e1gina de <a href=\"http:\/\/www.euopeninternet.eu\" target=\"_blank\">http:\/\/www.euopeninternet.eu<\/a> y difunde la informaci\u00f3n.<\/p>\n<p><em>(Nota importante &#8211; EXGAE a\u00f1ade la siguiente observaci\u00f3n a esta traducci\u00f3n que ha realizado de la petici\u00f3n:<br \/>\n<strong>La petici\u00f3n se redact\u00f3 hace un mes. Actualmente resulta necesario a\u00f1adir mayor hincapi\u00e9 y especificar la necesidad de \u00aborden judicial previa\u00bb antes de\u00a0 consentir que se restringan las libertades b\u00e1sicas. Esta afirmaci\u00f3n est\u00e1 impl\u00edcita en la petici\u00f3n y, en teor\u00eda, en un sistema que se define \u00abdemocr\u00e1tico\u00bb.<br \/>\nAun y as\u00ed est\u00e1 en peligro, ya que es alrededor de esta afirmaci\u00f3n que se est\u00e1 discutiendo en el Parlamento Europeo y se decidir\u00e1n los destinos de Internet en Europa.<br \/>\nDefendamos la \u00aborden judicial previa\u00bb para toda restricci\u00f3n de libertad, tambi\u00e9n en \u00e1mbito digital). <\/strong><\/em><\/p>\n<p>La petici\u00f3n dice:<\/p>\n<p>1. Los usuarios de Internet tienen derecho a enviar, recibir y acceder a los contenidos que ellos deseen;<br \/>\n2. Los usuarios de Internet tienen derecho a utilizar y ejecutar cualquier contenido, aplicaci\u00f3n o servicio;<br \/>\n3. Los usuarios de Internet tienen derecho a conectar el software o hardware de su elecci\u00f3n siempre y cuando no da\u00f1e la red;<br \/>\n4. Los usuarios de Internet tienen derecho a escoger y a la libre competencia entre proveedores de red, proveedores de aplicaciones y servicios y proveedores de contenidos;<br \/>\n5. Los usuarios de Internet tienen derecho a una conexi\u00f3n a Internet en la que no existan discriminaciones en funci\u00f3n del tipo de aplicaci\u00f3n, servicio o contenido o basadas en la direcci\u00f3n del remitente o del destinatario. Los proveedores de banda ancha no pueden bloquear o degradar el tr\u00e1fico en sus redes ni dar preferencia a algunos contenidos o aplicaciones en detrimento de otros en la conexi\u00f3n a los hogares de los abonados. De igual forma, no pueden desfavorecer un servicio de Internet por el mero hecho de que compita con un servicio similar ofrecido por ellos.<br \/>\n6. Los proveedores de acceso a Internet deben tener unas pr\u00e1cticas de gesti\u00f3n de red transparentes y los usuarios de Internet tienen derecho a una conexi\u00f3n a Internet con una capacidad y calidad predefinidas.<\/p>\n<p>Estos principios deben ser salvaguardados por la legislaci\u00f3n europea y las leyes estatales y aplicados por las autoridades competentes de manera consecuente en toda Europa.<\/p>\n<p><small>Los datos que enviar\u00e1s al formulario de http:\/\/www.euopeninternet.eu ser\u00e1n utilizados \u00fanicamente en esta petici\u00f3n y ser\u00e1n compartidos \u00fanicamente con responsables pol\u00edticos que soliciten pruebas de que el n\u00famero de firmas no es ficticio. No se utilizar\u00e1n tus datos para fines ajenos a esta petici\u00f3n ni los compartiremos con terceras personas, exceptuando a los responsables pol\u00edticos en esta materia. Se reservan el derecho a borrar comentarios inadecuados u ofensivos.<\/small><\/p>\n<p>EXGAE sugiere la lectura de las fuentes inspiradoras de este texto:<\/p>\n<p>&#8211; <a href=\"http:\/\/www.npt.no\/iKnowBase\/Content\/109604\/Guidelines%20for%20network%20neutrality.pdf\" target=\"_blank\">The Norwegian principles NRA.<\/a><\/p>\n<p>&#8211; The FCC principles:<\/p>\n<p>\u00b7\u00a0\u00a0\u00a0\u00a0\u00a0\u00a0\u00a0\u00a0 <a href=\"http:\/\/hraunfoss.fcc.gov\/edocs_public\/attachmatch\/DOC-260435A1.doc\" target=\"_blank\">4 first principles<\/a><\/p>\n<p>\u00b7\u00a0\u00a0\u00a0\u00a0\u00a0\u00a0\u00a0<a href=\"http:\/\/openinternet.gov\/read-speech.html\" target=\"_blank\"> Julius Genachowski&#8217;s speech from 21 Sept adding principle 5 &amp; 6<\/a><\/p>\n<p>&#8211; <a href=\"http:\/\/www.internautas.org\/html\/5732.html\" target=\"_blank\">Aqu<\/a>\u00ed un buen resumen en la p\u00e1gina de la Asociaci\u00f3n de Internautas.<\/p>\n<p>Tambi\u00e9n os invitamos a seguir las acciones de:<\/p>\n<p>&#8211; La Quadrature du Net: <a href=\"http:\/\/www.laquadrature.net\/en\/Net_neutrality\" target=\"_blank\">net.neutrality<\/a> y <a href=\"http:\/\/www.laquadrature.net\/en\/Telecoms_Package\" target=\"_blank\">Telecoms Pack<\/a><\/p>\n<p>&#8211; Y de las organizaciones de <a href=\"http:\/\/blackouteusp.wordpress.com\/\" target=\"_blank\">BlackOutEurope<\/a><\/p>","protected":false},"excerpt":{"rendered":"<p>(Noticias enviada por FFII) En http:\/\/www.euopeninternet.eu se est\u00e1n recogiendo firmas para esta petici\u00f3n con motivo de las decisiones que se est\u00e1n tomando a nivel europeo relativas al libre acceso a Internet. Si crees que Europa se merece un Internet libre y abierto de acuerdo con los siguientes principios, firma esta petici\u00f3n en la p\u00e1gina de [&hellip;]<\/p>\n","protected":false},"author":5,"featured_media":0,"parent":4,"menu_order":8,"comment_status":"open","ping_status":"closed","template":"","meta":{"footnotes":""},"class_list":["post-267","page","type-page","status-publish","hentry"],"yoast_head":"<!-- This site is optimized with the Yoast SEO plugin v26.7 - https:\/\/yoast.com\/wordpress\/plugins\/seo\/ -->\n<title>Defiende Internet -<\/title>\n<meta name=\"robots\" content=\"index, follow, max-snippet:-1, max-image-preview:large, max-video-preview:-1\" \/>\n<link rel=\"canonical\" href=\"https:\/\/dev.xnet-x.net\/es\/consulta-abogados\/defiende-internet\/\" \/>\n<meta name=\"twitter:label1\" content=\"Tiempo de lectura\" \/>\n\t<meta name=\"twitter:data1\" content=\"6 minutos\" \/>\n<script type=\"application\/ld+json\" class=\"yoast-schema-graph\">{\"@context\":\"https:\/\/schema.org\",\"@graph\":[{\"@type\":\"WebPage\",\"@id\":\"https:\/\/dev.xnet-x.net\/es\/consulta-abogados\/defiende-internet\/\",\"url\":\"https:\/\/dev.xnet-x.net\/es\/consulta-abogados\/defiende-internet\/\",\"name\":\"Defiende Internet -\",\"isPartOf\":{\"@id\":\"https:\/\/dev.xnet-x.net\/es\/#website\"},\"datePublished\":\"2009-10-05T15:18:57+00:00\",\"dateModified\":\"2011-03-24T16:33:18+00:00\",\"breadcrumb\":{\"@id\":\"https:\/\/dev.xnet-x.net\/es\/consulta-abogados\/defiende-internet\/#breadcrumb\"},\"inLanguage\":\"es\",\"potentialAction\":[{\"@type\":\"ReadAction\",\"target\":[[\"https:\/\/dev.xnet-x.net\/es\/consulta-abogados\/defiende-internet\/\"]]}]},{\"@type\":\"BreadcrumbList\",\"@id\":\"https:\/\/dev.xnet-x.net\/es\/consulta-abogados\/defiende-internet\/#breadcrumb\",\"itemListElement\":[{\"@type\":\"ListItem\",\"position\":1,\"name\":\"Portada\",\"item\":\"https:\/\/dev.xnet-x.net\/es\/\"},{\"@type\":\"ListItem\",\"position\":2,\"name\":\"Consulta\",\"item\":\"https:\/\/dev.xnet-x.net\/es\/?page_id=4\"},{\"@type\":\"ListItem\",\"position\":3,\"name\":\"Defiende Internet\"}]},{\"@type\":\"WebSite\",\"@id\":\"https:\/\/dev.xnet-x.net\/es\/#website\",\"url\":\"https:\/\/dev.xnet-x.net\/es\/\",\"name\":\"[:es]Xnet - Internet, derechos y democracia en la era digital[:ca]Xnet - Internet, drets i democr\u00e0cia en l'era digital[:en]Xnet - Internet freedoms & digital rights[:]\",\"description\":\"Xnet: Internet, informaci\u00f3n y cultura libres. Tecnopol\u00edtica. Datos, algoritmos y derechos digitales. Libertad de expresi\u00f3n. Democracia y anticorrupci\u00f3n\",\"publisher\":{\"@id\":\"https:\/\/dev.xnet-x.net\/es\/#organization\"},\"potentialAction\":[{\"@type\":\"SearchAction\",\"target\":{\"@type\":\"EntryPoint\",\"urlTemplate\":\"https:\/\/dev.xnet-x.net\/es\/?s={search_term_string}\"},\"query-input\":{\"@type\":\"PropertyValueSpecification\",\"valueRequired\":true,\"valueName\":\"search_term_string\"}}],\"inLanguage\":\"es\"},{\"@type\":\"Organization\",\"@id\":\"https:\/\/dev.xnet-x.net\/es\/#organization\",\"name\":\"Xnet - Internet, derechos y democracia en la era digital\",\"url\":\"https:\/\/dev.xnet-x.net\/es\/\",\"logo\":{\"@type\":\"ImageObject\",\"inLanguage\":\"es\",\"@id\":\"https:\/\/dev.xnet-x.net\/es\/#\/schema\/logo\/image\/\",\"url\":\"https:\/\/xnet-x.net\/img\/xnet-logo.png\",\"contentUrl\":\"https:\/\/xnet-x.net\/img\/xnet-logo.png\",\"width\":512,\"height\":512,\"caption\":\"Xnet - Internet, derechos y democracia en la era digital\"},\"image\":{\"@id\":\"https:\/\/dev.xnet-x.net\/es\/#\/schema\/logo\/image\/\"},\"sameAs\":[\"http:\/\/facebook.com\/RedX.Net\/\",\"https:\/\/x.com\/x_net_\",\"https:\/\/es.wikipedia.org\/wiki\/Xnet\"]}]}<\/script>\n<!-- \/ Yoast SEO plugin. -->","yoast_head_json":{"title":"Defiende Internet -","robots":{"index":"index","follow":"follow","max-snippet":"max-snippet:-1","max-image-preview":"max-image-preview:large","max-video-preview":"max-video-preview:-1"},"canonical":"https:\/\/dev.xnet-x.net\/es\/consulta-abogados\/defiende-internet\/","twitter_misc":{"Tiempo de lectura":"6 minutos"},"schema":{"@context":"https:\/\/schema.org","@graph":[{"@type":"WebPage","@id":"https:\/\/dev.xnet-x.net\/es\/consulta-abogados\/defiende-internet\/","url":"https:\/\/dev.xnet-x.net\/es\/consulta-abogados\/defiende-internet\/","name":"Defiende Internet -","isPartOf":{"@id":"https:\/\/dev.xnet-x.net\/es\/#website"},"datePublished":"2009-10-05T15:18:57+00:00","dateModified":"2011-03-24T16:33:18+00:00","breadcrumb":{"@id":"https:\/\/dev.xnet-x.net\/es\/consulta-abogados\/defiende-internet\/#breadcrumb"},"inLanguage":"es","potentialAction":[{"@type":"ReadAction","target":[["https:\/\/dev.xnet-x.net\/es\/consulta-abogados\/defiende-internet\/"]]}]},{"@type":"BreadcrumbList","@id":"https:\/\/dev.xnet-x.net\/es\/consulta-abogados\/defiende-internet\/#breadcrumb","itemListElement":[{"@type":"ListItem","position":1,"name":"Portada","item":"https:\/\/dev.xnet-x.net\/es\/"},{"@type":"ListItem","position":2,"name":"Consulta","item":"https:\/\/dev.xnet-x.net\/es\/?page_id=4"},{"@type":"ListItem","position":3,"name":"Defiende Internet"}]},{"@type":"WebSite","@id":"https:\/\/dev.xnet-x.net\/es\/#website","url":"https:\/\/dev.xnet-x.net\/es\/","name":"[:es]Xnet - Internet, derechos y democracia en la era digital[:ca]Xnet - Internet, drets i democr\u00e0cia en l'era digital[:en]Xnet - Internet freedoms & digital rights[:]","description":"Xnet: Internet, informaci\u00f3n y cultura libres. Tecnopol\u00edtica. Datos, algoritmos y derechos digitales. Libertad de expresi\u00f3n. Democracia y anticorrupci\u00f3n","publisher":{"@id":"https:\/\/dev.xnet-x.net\/es\/#organization"},"potentialAction":[{"@type":"SearchAction","target":{"@type":"EntryPoint","urlTemplate":"https:\/\/dev.xnet-x.net\/es\/?s={search_term_string}"},"query-input":{"@type":"PropertyValueSpecification","valueRequired":true,"valueName":"search_term_string"}}],"inLanguage":"es"},{"@type":"Organization","@id":"https:\/\/dev.xnet-x.net\/es\/#organization","name":"Xnet - Internet, derechos y democracia en la era digital","url":"https:\/\/dev.xnet-x.net\/es\/","logo":{"@type":"ImageObject","inLanguage":"es","@id":"https:\/\/dev.xnet-x.net\/es\/#\/schema\/logo\/image\/","url":"https:\/\/xnet-x.net\/img\/xnet-logo.png","contentUrl":"https:\/\/xnet-x.net\/img\/xnet-logo.png","width":512,"height":512,"caption":"Xnet - Internet, derechos y democracia en la era digital"},"image":{"@id":"https:\/\/dev.xnet-x.net\/es\/#\/schema\/logo\/image\/"},"sameAs":["http:\/\/facebook.com\/RedX.Net\/","https:\/\/x.com\/x_net_","https:\/\/es.wikipedia.org\/wiki\/Xnet"]}]}},"_links":{"self":[{"href":"https:\/\/dev.xnet-x.net\/es\/wp-json\/wp\/v2\/pages\/267","targetHints":{"allow":["GET"]}}],"collection":[{"href":"https:\/\/dev.xnet-x.net\/es\/wp-json\/wp\/v2\/pages"}],"about":[{"href":"https:\/\/dev.xnet-x.net\/es\/wp-json\/wp\/v2\/types\/page"}],"author":[{"embeddable":true,"href":"https:\/\/dev.xnet-x.net\/es\/wp-json\/wp\/v2\/users\/5"}],"replies":[{"embeddable":true,"href":"https:\/\/dev.xnet-x.net\/es\/wp-json\/wp\/v2\/comments?post=267"}],"version-history":[{"count":1,"href":"https:\/\/dev.xnet-x.net\/es\/wp-json\/wp\/v2\/pages\/267\/revisions"}],"predecessor-version":[{"id":3611,"href":"https:\/\/dev.xnet-x.net\/es\/wp-json\/wp\/v2\/pages\/267\/revisions\/3611"}],"up":[{"embeddable":true,"href":"https:\/\/dev.xnet-x.net\/es\/wp-json\/wp\/v2\/pages\/4"}],"wp:attachment":[{"href":"https:\/\/dev.xnet-x.net\/es\/wp-json\/wp\/v2\/media?parent=267"}],"curies":[{"name":"wp","href":"https:\/\/api.w.org\/{rel}","templated":true}]}}