{"id":167,"date":"2008-09-03T19:11:57","date_gmt":"2008-09-03T17:11:57","guid":{"rendered":"http:\/\/la-ex.net\/?page_id=167"},"modified":"2015-01-23T20:08:00","modified_gmt":"2015-01-23T19:08:00","slug":"miercoles","status":"publish","type":"page","link":"https:\/\/dev.xnet-x.net\/es\/los-oxcars\/programa\/miercoles-29-de-octubre-reunion-ciudadanaliteratura\/","title":{"rendered":"MI\u00c9RCOLES 29 de octubre: REUNION CIUDADANA\/LITERATURA"},"content":{"rendered":"<p><strong>17h &#8211; <\/strong><strong>REUNI\u00d3N CIUDADANA <\/strong><br \/>\nReuni\u00f3n ciudadana abierta a todo el mundo:  galletas y t\u00e9. Pensemos juntos estrategias para la libertad de expresi\u00f3n digital<br \/>\n(Sala Conservas, C\/ Sant Pau 58 Bajos, 08001 Barcelona, metro: Liceu)<\/p>\n<p><strong>LITERATURA<\/strong><br \/>\n<strong>19,30h &#8211; <\/strong><strong>WU MING<\/strong> 1 PRESENTA EL LIBRO \u00abNEW THING\u00bb EN BARCELONA<br \/>\n(Sala Conservas, C\/ Sant Pau 58 Bajos, 08001 Barcelona, metro: Liceu)<\/p>\n<p>(v\u00e9ase <a href=\"\/los-oxcars\/programa\/wuming\" target=\"_blank\">WuMing<\/a> en la Gala)<\/p>\n<p><img loading=\"lazy\" decoding=\"async\" class=\"alignleft\" style=\"float: left;\" src=\"http:\/\/farm4.static.flickr.com\/3185\/2824904889_1bd68b0995_m.jpg\" alt=\"\" width=\"166\" height=\"240\" \/>SOBRE \u00abNEW THING\u00bb (ACUARELA LIBROS &amp; A. MACHADO)<br \/>\nPrimavera del 67. Am\u00e9rica est\u00e1 en llamas, sacudida por disturbios raciales y por la protesta contra la guerra de Vietnam. En Nueva York, varios m\u00fasicos relacionados con la \u00abnew thing\u00bb, el jazz libre de Albert Ayler, Archie Shepp o Bill Dixon, aparecen muertos en extra\u00f1as y violentas circunstancias. En los guetos del Black Power se habla de un asesino llamado El Hijo de Whiteman. \u00bfExiste realmente? Y, si es as\u00ed,<br \/>\n\u00bfact\u00faa por su cuenta o es mero instrumento de un establishment asustado?<br \/>\nMientras, John Cotrane, guerrero y guardi\u00e1n de los esp\u00edritus en esa lib\u00e9rrima avanzadilla de la cultura negra, pasa revista a su vida en un duro y po\u00e9tico soliloquio. Una bobina se desliza en el magnet\u00f3fono Butoba MT5 de Sonia Langmut, joven cronista de la \u00abcosa nueva\u00bb. Y se desata una nube de recuerdos, personajes y humo en el fantasmag\u00f3rico solo de un saxo. Investigaci\u00f3n polif\u00f3nica, trama detectivesca, jam session pol\u00edtica&#8230; New Thing es la primera novela solista de Wu Ming 1.<\/p>\n<p>\u00abLa <strong>editorial Acuarela<\/strong> Libros surge en 1999 del hast\u00edo infinito de la universidad-zombi espa\u00f1ola y de algunas experiencias previas de autoproducci\u00f3n en el mundo de la m\u00fasica y de los fanzines. La forman un grupo de amigos, ajenos hasta ese momento al mundo editorial, que comparten trayectorias, experiencias, una sensibilidad y un modo de trabajo comunes. La primera idea es compartir con m\u00e1s gente algunos libros que a nosotros mismos nos han transformado. (&#8230;) Por un lado, el dominio cotidiano del tiempo real en nuestro mundo es dif\u00edcilmente compatible con la lectura, que exige una duraci\u00f3n, un esfuerzo de la atenci\u00f3n, una cierta &#8216;desconexi\u00f3n&#8217;. Por otro lado, el supuesto fin del libro coincide &#8211;\u00bfparad\u00f3jicamente?&#8211; con su proliferaci\u00f3n absoluta, como bien se ha hecho notar. \u00bfC\u00f3mo es eso? En todo caso, nosotros conservamos intacta una confianza absoluta en la potencia explosiva de la palabra escrita cuando entra en resonancia con la experiencia vivida. Desde el primer momento, nos resistimos en lo posible a la figura del editor-par\u00e1sito, que simplemente compra derechos y traduce libros: tratamos de hacer aportaciones propias que enriquezcan lo editado (una propuesta gr\u00e1fica singular, una entrevista, un pr\u00f3logo, un documento in\u00e9dito&#8230;). Muchos de nuestros libros son tambi\u00e9n pretexto y\/o un mensaje en la botella que busca establecer nuevas complicidades, nuevas amistades. Desde hace a\u00f1os (precisamente desde la edici\u00f3n de \u00abEsta revoluci\u00f3n no tiene rostro\u00bb, de Wu Ming), estamos comprometidos con la apuesta por las licencias creative commons (creativecommons.org) que, a contracorriente de la interpretaci\u00f3n dominante del copyright, permite algunos usos negados habitualmente al p\u00fablico, a quien desde las concepciones hegem\u00f3nicas de la propiedad intelectual se considera un sospechoso, potencial enemigo y nunca un c\u00f3mplice. Creative commons promueve la circulaci\u00f3n, la visibilidad y eso para nosotros es esencial en un mercado efectivamente saturado. Algunos de los libros que hemos publicado protegidos por una licencia creative commons est\u00e1n entre los que mejor han funcionado comercialmente. Desde hace menos de un a\u00f1o, co-editamos con Antonio Machado, donde nuestras propuestas y locuras encuentran inveros\u00edmilmente acogida, atenci\u00f3n, cari\u00f1o, soporte.<br \/>\n(extractos de una entrevista de Jos\u00e9 Andr\u00e9s Rojo para El Pa\u00eds, 02\/05\/2008).<\/p>\n<p><a href=\"http:\/\/www.acuarelalibros.com\/catalogo.htm\" target=\"_blank\">http:\/\/www.acuarelalibros.com\/catalogo.htm<\/a><\/p>","protected":false},"excerpt":{"rendered":"<p>17h &#8211; REUNI\u00d3N CIUDADANA Reuni\u00f3n ciudadana abierta a todo el mundo: galletas y t\u00e9. Pensemos juntos estrategias para la libertad de expresi\u00f3n digital (Sala Conservas, C\/ Sant Pau 58 Bajos, 08001 Barcelona, metro: Liceu) LITERATURA 19,30h &#8211; WU MING 1 PRESENTA EL LIBRO \u00abNEW THING\u00bb EN BARCELONA (Sala Conservas, C\/ Sant Pau 58 Bajos, 08001 [&hellip;]<\/p>\n","protected":false},"author":5,"featured_media":0,"parent":136,"menu_order":0,"comment_status":"closed","ping_status":"closed","template":"","meta":{"footnotes":""},"class_list":["post-167","page","type-page","status-publish","hentry"],"yoast_head":"<!-- This site is optimized with the Yoast SEO plugin v26.7 - https:\/\/yoast.com\/wordpress\/plugins\/seo\/ -->\n<title>MI\u00c9RCOLES 29 de octubre: REUNION CIUDADANA\/LITERATURA                                                                                     -<\/title>\n<meta name=\"robots\" content=\"index, follow, max-snippet:-1, max-image-preview:large, max-video-preview:-1\" \/>\n<link rel=\"canonical\" href=\"https:\/\/dev.xnet-x.net\/es\/los-oxcars\/programa\/miercoles-29-de-octubre-reunion-ciudadanaliteratura\/\" \/>\n<meta name=\"twitter:label1\" content=\"Tiempo de lectura\" \/>\n\t<meta name=\"twitter:data1\" content=\"6 minutos\" \/>\n<script type=\"application\/ld+json\" class=\"yoast-schema-graph\">{\"@context\":\"https:\/\/schema.org\",\"@graph\":[{\"@type\":\"WebPage\",\"@id\":\"https:\/\/dev.xnet-x.net\/es\/los-oxcars\/programa\/miercoles-29-de-octubre-reunion-ciudadanaliteratura\/\",\"url\":\"https:\/\/dev.xnet-x.net\/es\/los-oxcars\/programa\/miercoles-29-de-octubre-reunion-ciudadanaliteratura\/\",\"name\":\"MI\u00c9RCOLES 29 de octubre: REUNION CIUDADANA\/LITERATURA  -\",\"isPartOf\":{\"@id\":\"https:\/\/dev.xnet-x.net\/es\/#website\"},\"primaryImageOfPage\":{\"@id\":\"https:\/\/dev.xnet-x.net\/es\/los-oxcars\/programa\/miercoles-29-de-octubre-reunion-ciudadanaliteratura\/#primaryimage\"},\"image\":{\"@id\":\"https:\/\/dev.xnet-x.net\/es\/los-oxcars\/programa\/miercoles-29-de-octubre-reunion-ciudadanaliteratura\/#primaryimage\"},\"thumbnailUrl\":\"http:\/\/farm4.static.flickr.com\/3185\/2824904889_1bd68b0995_m.jpg\",\"datePublished\":\"2008-09-03T17:11:57+00:00\",\"dateModified\":\"2015-01-23T19:08:00+00:00\",\"breadcrumb\":{\"@id\":\"https:\/\/dev.xnet-x.net\/es\/los-oxcars\/programa\/miercoles-29-de-octubre-reunion-ciudadanaliteratura\/#breadcrumb\"},\"inLanguage\":\"es\",\"potentialAction\":[{\"@type\":\"ReadAction\",\"target\":[[\"https:\/\/dev.xnet-x.net\/es\/los-oxcars\/programa\/miercoles-29-de-octubre-reunion-ciudadanaliteratura\/\"]]}]},{\"@type\":\"ImageObject\",\"inLanguage\":\"es\",\"@id\":\"https:\/\/dev.xnet-x.net\/es\/los-oxcars\/programa\/miercoles-29-de-octubre-reunion-ciudadanaliteratura\/#primaryimage\",\"url\":\"http:\/\/farm4.static.flickr.com\/3185\/2824904889_1bd68b0995_m.jpg\",\"contentUrl\":\"http:\/\/farm4.static.flickr.com\/3185\/2824904889_1bd68b0995_m.jpg\"},{\"@type\":\"BreadcrumbList\",\"@id\":\"https:\/\/dev.xnet-x.net\/es\/los-oxcars\/programa\/miercoles-29-de-octubre-reunion-ciudadanaliteratura\/#breadcrumb\",\"itemListElement\":[{\"@type\":\"ListItem\",\"position\":1,\"name\":\"Portada\",\"item\":\"https:\/\/dev.xnet-x.net\/es\/\"},{\"@type\":\"ListItem\",\"position\":2,\"name\":\"Los OXcars\",\"item\":\"https:\/\/dev.xnet-x.net\/es\/los-oxcars\/\"},{\"@type\":\"ListItem\",\"position\":3,\"name\":\"Programa\",\"item\":\"https:\/\/dev.xnet-x.net\/es\/los-oxcars\/programa\/\"},{\"@type\":\"ListItem\",\"position\":4,\"name\":\"MI\u00c9RCOLES 29 de octubre: REUNION CIUDADANA\/LITERATURA\"}]},{\"@type\":\"WebSite\",\"@id\":\"https:\/\/dev.xnet-x.net\/es\/#website\",\"url\":\"https:\/\/dev.xnet-x.net\/es\/\",\"name\":\"[:es]Xnet - Internet, derechos y democracia en la era digital[:ca]Xnet - Internet, drets i democr\u00e0cia en l'era digital[:en]Xnet - Internet freedoms & digital rights[:]\",\"description\":\"Xnet: Internet, informaci\u00f3n y cultura libres. Tecnopol\u00edtica. Datos, algoritmos y derechos digitales. Libertad de expresi\u00f3n. Democracia y anticorrupci\u00f3n\",\"publisher\":{\"@id\":\"https:\/\/dev.xnet-x.net\/es\/#organization\"},\"potentialAction\":[{\"@type\":\"SearchAction\",\"target\":{\"@type\":\"EntryPoint\",\"urlTemplate\":\"https:\/\/dev.xnet-x.net\/es\/?s={search_term_string}\"},\"query-input\":{\"@type\":\"PropertyValueSpecification\",\"valueRequired\":true,\"valueName\":\"search_term_string\"}}],\"inLanguage\":\"es\"},{\"@type\":\"Organization\",\"@id\":\"https:\/\/dev.xnet-x.net\/es\/#organization\",\"name\":\"Xnet - Internet, derechos y democracia en la era digital\",\"url\":\"https:\/\/dev.xnet-x.net\/es\/\",\"logo\":{\"@type\":\"ImageObject\",\"inLanguage\":\"es\",\"@id\":\"https:\/\/dev.xnet-x.net\/es\/#\/schema\/logo\/image\/\",\"url\":\"https:\/\/xnet-x.net\/img\/xnet-logo.png\",\"contentUrl\":\"https:\/\/xnet-x.net\/img\/xnet-logo.png\",\"width\":512,\"height\":512,\"caption\":\"Xnet - Internet, derechos y democracia en la era digital\"},\"image\":{\"@id\":\"https:\/\/dev.xnet-x.net\/es\/#\/schema\/logo\/image\/\"},\"sameAs\":[\"http:\/\/facebook.com\/RedX.Net\/\",\"https:\/\/x.com\/x_net_\",\"https:\/\/es.wikipedia.org\/wiki\/Xnet\"]}]}<\/script>\n<!-- \/ Yoast SEO plugin. -->","yoast_head_json":{"title":"MI\u00c9RCOLES 29 de octubre: REUNION CIUDADANA\/LITERATURA                                                                                     -","robots":{"index":"index","follow":"follow","max-snippet":"max-snippet:-1","max-image-preview":"max-image-preview:large","max-video-preview":"max-video-preview:-1"},"canonical":"https:\/\/dev.xnet-x.net\/es\/los-oxcars\/programa\/miercoles-29-de-octubre-reunion-ciudadanaliteratura\/","twitter_misc":{"Tiempo de lectura":"6 minutos"},"schema":{"@context":"https:\/\/schema.org","@graph":[{"@type":"WebPage","@id":"https:\/\/dev.xnet-x.net\/es\/los-oxcars\/programa\/miercoles-29-de-octubre-reunion-ciudadanaliteratura\/","url":"https:\/\/dev.xnet-x.net\/es\/los-oxcars\/programa\/miercoles-29-de-octubre-reunion-ciudadanaliteratura\/","name":"MI\u00c9RCOLES 29 de octubre: REUNION CIUDADANA\/LITERATURA  -","isPartOf":{"@id":"https:\/\/dev.xnet-x.net\/es\/#website"},"primaryImageOfPage":{"@id":"https:\/\/dev.xnet-x.net\/es\/los-oxcars\/programa\/miercoles-29-de-octubre-reunion-ciudadanaliteratura\/#primaryimage"},"image":{"@id":"https:\/\/dev.xnet-x.net\/es\/los-oxcars\/programa\/miercoles-29-de-octubre-reunion-ciudadanaliteratura\/#primaryimage"},"thumbnailUrl":"http:\/\/farm4.static.flickr.com\/3185\/2824904889_1bd68b0995_m.jpg","datePublished":"2008-09-03T17:11:57+00:00","dateModified":"2015-01-23T19:08:00+00:00","breadcrumb":{"@id":"https:\/\/dev.xnet-x.net\/es\/los-oxcars\/programa\/miercoles-29-de-octubre-reunion-ciudadanaliteratura\/#breadcrumb"},"inLanguage":"es","potentialAction":[{"@type":"ReadAction","target":[["https:\/\/dev.xnet-x.net\/es\/los-oxcars\/programa\/miercoles-29-de-octubre-reunion-ciudadanaliteratura\/"]]}]},{"@type":"ImageObject","inLanguage":"es","@id":"https:\/\/dev.xnet-x.net\/es\/los-oxcars\/programa\/miercoles-29-de-octubre-reunion-ciudadanaliteratura\/#primaryimage","url":"http:\/\/farm4.static.flickr.com\/3185\/2824904889_1bd68b0995_m.jpg","contentUrl":"http:\/\/farm4.static.flickr.com\/3185\/2824904889_1bd68b0995_m.jpg"},{"@type":"BreadcrumbList","@id":"https:\/\/dev.xnet-x.net\/es\/los-oxcars\/programa\/miercoles-29-de-octubre-reunion-ciudadanaliteratura\/#breadcrumb","itemListElement":[{"@type":"ListItem","position":1,"name":"Portada","item":"https:\/\/dev.xnet-x.net\/es\/"},{"@type":"ListItem","position":2,"name":"Los OXcars","item":"https:\/\/dev.xnet-x.net\/es\/los-oxcars\/"},{"@type":"ListItem","position":3,"name":"Programa","item":"https:\/\/dev.xnet-x.net\/es\/los-oxcars\/programa\/"},{"@type":"ListItem","position":4,"name":"MI\u00c9RCOLES 29 de octubre: REUNION CIUDADANA\/LITERATURA"}]},{"@type":"WebSite","@id":"https:\/\/dev.xnet-x.net\/es\/#website","url":"https:\/\/dev.xnet-x.net\/es\/","name":"[:es]Xnet - Internet, derechos y democracia en la era digital[:ca]Xnet - Internet, drets i democr\u00e0cia en l'era digital[:en]Xnet - Internet freedoms & digital rights[:]","description":"Xnet: Internet, informaci\u00f3n y cultura libres. Tecnopol\u00edtica. Datos, algoritmos y derechos digitales. Libertad de expresi\u00f3n. Democracia y anticorrupci\u00f3n","publisher":{"@id":"https:\/\/dev.xnet-x.net\/es\/#organization"},"potentialAction":[{"@type":"SearchAction","target":{"@type":"EntryPoint","urlTemplate":"https:\/\/dev.xnet-x.net\/es\/?s={search_term_string}"},"query-input":{"@type":"PropertyValueSpecification","valueRequired":true,"valueName":"search_term_string"}}],"inLanguage":"es"},{"@type":"Organization","@id":"https:\/\/dev.xnet-x.net\/es\/#organization","name":"Xnet - Internet, derechos y democracia en la era digital","url":"https:\/\/dev.xnet-x.net\/es\/","logo":{"@type":"ImageObject","inLanguage":"es","@id":"https:\/\/dev.xnet-x.net\/es\/#\/schema\/logo\/image\/","url":"https:\/\/xnet-x.net\/img\/xnet-logo.png","contentUrl":"https:\/\/xnet-x.net\/img\/xnet-logo.png","width":512,"height":512,"caption":"Xnet - Internet, derechos y democracia en la era digital"},"image":{"@id":"https:\/\/dev.xnet-x.net\/es\/#\/schema\/logo\/image\/"},"sameAs":["http:\/\/facebook.com\/RedX.Net\/","https:\/\/x.com\/x_net_","https:\/\/es.wikipedia.org\/wiki\/Xnet"]}]}},"_links":{"self":[{"href":"https:\/\/dev.xnet-x.net\/es\/wp-json\/wp\/v2\/pages\/167","targetHints":{"allow":["GET"]}}],"collection":[{"href":"https:\/\/dev.xnet-x.net\/es\/wp-json\/wp\/v2\/pages"}],"about":[{"href":"https:\/\/dev.xnet-x.net\/es\/wp-json\/wp\/v2\/types\/page"}],"author":[{"embeddable":true,"href":"https:\/\/dev.xnet-x.net\/es\/wp-json\/wp\/v2\/users\/5"}],"replies":[{"embeddable":true,"href":"https:\/\/dev.xnet-x.net\/es\/wp-json\/wp\/v2\/comments?post=167"}],"version-history":[{"count":3,"href":"https:\/\/dev.xnet-x.net\/es\/wp-json\/wp\/v2\/pages\/167\/revisions"}],"predecessor-version":[{"id":7195,"href":"https:\/\/dev.xnet-x.net\/es\/wp-json\/wp\/v2\/pages\/167\/revisions\/7195"}],"up":[{"embeddable":true,"href":"https:\/\/dev.xnet-x.net\/es\/wp-json\/wp\/v2\/pages\/136"}],"wp:attachment":[{"href":"https:\/\/dev.xnet-x.net\/es\/wp-json\/wp\/v2\/media?parent=167"}],"curies":[{"name":"wp","href":"https:\/\/api.w.org\/{rel}","templated":true}]}}