{"id":217,"date":"2008-09-17T19:51:21","date_gmt":"2008-09-17T17:51:21","guid":{"rendered":"http:\/\/la-ex.net\/?page_id=217"},"modified":"2011-03-24T17:00:10","modified_gmt":"2011-03-24T16:00:10","slug":"sabadotaller","status":"publish","type":"page","link":"https:\/\/dev.xnet-x.net\/ca\/los-oxcars\/programa\/sabadotaller\/","title":{"rendered":"TALLERES PRACTICOS"},"content":{"rendered":"<p>[Per falta de temps i recursos, la traducci\u00f3 al catal\u00e0 d&#8217;aquesta web no est\u00e0 acabada. Si trobes interessants alguns dels nostres documents i tens temps de traduir-los, ens ho pot enviar (si us plau, reproduint la maquetaci\u00f3). Moltes gr\u00e0cies!]<\/p>\n<p><strong>17h A 22h : TALLERES PRACTICOS<\/strong><br \/>\n(Sala Conservas, C\/ Sant Pau 58 Bajos, 08001 Barcelona, metro: Liceu)<\/p>\n<p><strong>TODO LO QUE QUIERAS APRENDER PARA SER DUE\u00d1O DE TU VIDA: REGISTRAR, LICENCIAR, LIBERAR, MULTIPLICAR, REPARTIR, COMPARTIR, PROTEGER\u2026<\/strong><\/p>\n<p>La estructura de los talleres es la siguiente: varias personas, particularmente competentes en los diversos aspectos que se quieren tratar, explicaran conjuntamente, 20 minutos cada uno, en qu\u00e9 consisten unas particulares herramientas.<br \/>\nSucesivamente los ponentes constituir\u00e1n cada uno un grupo donde contestar\u00e1n a las preguntas espec\u00edficas de los asistentes. Los asistentes pueden pasar libremente de un grupo a otro seg\u00fan lo que quieren saber.<\/p>\n<p><img loading=\"lazy\" decoding=\"async\" src=\"http:\/\/farm4.static.flickr.com\/3245\/2824905225_e914b6a254_m.jpg\" alt=\"\" width=\"240\" height=\"67\" \/><\/p>\n<p><strong>&#8211; Safe Creative (registro de propiedad intelectual):<\/strong><br \/>\nEs un nuevo registro de la propiedad intelectual que naci\u00f3 en Zaragoza con el af\u00e1n de proteger los derechos de autor frente al plagio y la apropiaci\u00f3n indebida pero de acuerdo con el esp\u00edritu de los medios digitales. Cuatro d\u00edas despu\u00e9s de su puesta en marcha, m\u00e1s de 1.300 obras ya se hab\u00edan registrado en la web SafeCreative.org. Este registro es gratuito y se pueden registrar\u00a0 obras con cualquier tipo de licencia ya sea Creative Commons, como GNU o bajo Copyright, en cualquier idioma y en cualquier formato.<br \/>\nEste registro se origin\u00f3 porque en las licencias libres faltaba un punto neutro, un tercero que diese una prueba de autor\u00eda, una manera de dar rigor jur\u00eddico a las licencias copyleft.<br \/>\nEste registro tiene dos peculiaridades: por una parte exige una copia, es decir, tiene su propio dep\u00f3sito de obras. El usuario se registra, env\u00eda copia de su obra, dice que tipo de licencia est\u00e1 utilizando y tiene un plazo de 24 horas hasta que se emita su certificado digital para hacer cualquier tipo de cambio. Por otra parte cualquiera de los obras ya sean una canci\u00f3n, una entrada de un blog, un c\u00f3mic o un dise\u00f1o (en un futuro se admitir\u00e1 cualquier producto que sea sujeto de propiedad intelectual) puede cambiar cuando quiera su tipo de licencia, es decir, si en un principio se registr\u00f3 como con &#8220;todos los derechos reservados&#8221; se puede pasar en cualquier momento al modelo de Creative Commons .<br \/>\n<a href=\"http:\/\/es.safecreative.net\" target=\"_blank\">http:\/\/es.safecreative.net<\/a><\/p>\n<p><img loading=\"lazy\" decoding=\"async\" class=\"alignleft\" style=\"float: left;\" src=\"http:\/\/farm4.static.flickr.com\/3110\/2824906939_bd7638daff_m.jpg\" alt=\"\" width=\"240\" height=\"182\" \/><strong>&#8211; Producci\u00f3n y gesti\u00f3n de derechos en proyectos audiovisuales:<\/strong><br \/>\nImpartido por YProductions, www.ypsite.net (equipo directivo\u00a0 de HAMACA, <a href=\"http:\/\/hamacaonline.net\" target=\"_blank\">www.hamacaonline.net<\/a> )<br \/>\nSon muchas y de diferente naturaleza las condiciones que han facilitado un paradigma en el que resulta m\u00e1s f\u00e1cil poder realizar, editar y difundir una obra audiovisual. Con la comercializaci\u00f3n de c\u00e1maras y ordenadores a precios m\u00e1s o menos\u00a0 asequibles, se abri\u00f3 un puente que facilit\u00f3 la cristalizaci\u00f3n de ideas y formas de entender la\u00a0 realidad que, si bien ya exist\u00edan en nuestras mentes o en otros formatos, no encontraban los medios f\u00edsicos para formar parte de la realidad audiovisual. Las nuevas tecnolog\u00edas de la informaci\u00f3n y la comunicaci\u00f3n han facilitado que dichas producciones se puedan difundir con mayor facilidad y que se sumen a las diferentes formas de relatar y analizar la realidad. Pero este nuevo paradigma tiene sus entresijos. Los modelos de gesti\u00f3n de derechos basados en las actuales directrices legales que de forma m\u00e1s aguda se han instalado en las industrias culturales, pueden distar mucho de ser los m\u00e1s adecuados para todos y todas las productoras, artistas y agentes culturales que conforman el sector audiovisual independiente. Las realidades e intenciones de la gente que produce y difunde proyectos audiovisuales son muchas y muy diferentes y dif\u00edcilmente pueden traducirse a trav\u00e9s de modelos est\u00e1ndar. Este taller mostrar\u00e1 los diferentes modelos de gesti\u00f3n de derechos posibles, sus pros y contras y la necesidad de entender esta parcela legal como parte de la producci\u00f3n discursiva de un proyecto audiovisual.<\/p>\n<p><img loading=\"lazy\" decoding=\"async\" class=\"alignleft\" style=\"float: left;\" src=\"http:\/\/farm4.static.flickr.com\/3264\/2825738908_46f8031639_m.jpg\" alt=\"\" width=\"184\" height=\"240\" \/><strong>&#8211; Licencias: Cambia de h\u00e1bitos, apuntes l\u00f3gicos para vivir mejor<br \/>\nPor EXGAE<\/strong><br \/>\nLa EXGAE es una facilitadora de recursos con la voluntad de canalizar la popular y justificada hostilidad hacia las entidades de gesti\u00f3n y dotarla de herramientas art\u00edsticas y legales.<br \/>\nLa EXGAE apuesta, juntamente con la gran mayor\u00eda de la sociedad civil, por otras formas de circulaci\u00f3n de la cultura.<br \/>\n24 identidades, entre asociaciones y ciudadanos, est\u00e1n detr\u00e1s de esta iniciativa que comienza respaldada por miles de personas.<br \/>\nEXGAE est\u00e1 enfocada a informar y ayudar a la ciudadan\u00eda en general y, en particular a asesorar comercios, creadores, artistas y productores est\u00e9n atados de pies y manos a una entidad de gesti\u00f3n o no.<br \/>\nEl horizonte es cambiar los h\u00e1bitos y cambiar las normas para un m\u00e1s justo y beneficios uso de los recursos digitales y culturales.<br \/>\nEXGAE no es un proyecto asistencial. EXGAE inventa y pr\u00e1ctica.<\/p>\n<p>EXGAE ofrece en este taller:<br \/>\n&#8211; Respuestas a las preguntas m\u00e1s recurrentes sobre derechos de autor, licencias, canon y entidades de gesti\u00f3n para artistas, productores, salas, establecimientos, tiendas de inform\u00e1tica, etc. Lo que ser\u00edan las FAQ en general y las FAQ SGAE en particular.<br \/>\n&#8211; Herramientas de autodefensa: En www.exgae.net todo el mundo puede descargarse las herramientas necesarias (modelos de contratos, cartas para rechazar el canon para difusi\u00f3n cuando est\u00e1 aplicado de forma improcedente, etc.)<br \/>\n&#8211; Ejemplos pr\u00e1cticos: Eventos, Actitudes, Virales, DIY, Redes P2P.<br \/>\n<a href=\"\/\" target=\"_blank\">http:\/\/xnet-x.net\/<\/a><\/p>\n<p>Multiplica y reparte.<\/p>\n<p><strong>&#8211; Obras culturales libres:<\/strong><br \/>\nBreve introducci\u00f3n al concepto de software libre (or\u00edgenes, copyleft,&#8230;) y su extensi\u00f3n\/transposici\u00f3n a otros \u00e1mbitos de creaci\u00f3n diferentes a los del software<br \/>\n(CC, &#8230;).<br \/>\nDebate: Problem\u00e1ticas actuales, retos, &#8230;<br \/>\nPor Marc Monta\u00f1\u00e9s, programador especializado en desarrollo web basado en<br \/>\nsoftware libre. Organizador de las 2\u00aa jornadas sobre Copyleft en Barcelona, miembro de Sindominio.<\/p>\n<p><strong>&#8211; Anonimato e incriptaci\u00f3n en la red, <\/strong>por Arturo Quirantes.<\/p>\n<p><span style=\"color: #ff0000;\"><br \/>\n<\/span><\/p>","protected":false},"excerpt":{"rendered":"<p>[Per falta de temps i recursos, la traducci\u00f3 al catal\u00e0 d&#8217;aquesta web no est\u00e0 acabada. Si trobes interessants alguns dels nostres documents i tens temps de traduir-los, ens ho pot enviar (si us plau, reproduint la maquetaci\u00f3). Moltes gr\u00e0cies!] 17h A 22h : TALLERES PRACTICOS (Sala Conservas, C\/ Sant Pau 58 Bajos, 08001 Barcelona, metro: [&hellip;]<\/p>\n","protected":false},"author":5,"featured_media":0,"parent":136,"menu_order":0,"comment_status":"open","ping_status":"closed","template":"","meta":{"footnotes":""},"class_list":["post-217","page","type-page","status-publish","hentry"],"yoast_head":"<!-- This site is optimized with the Yoast SEO plugin v26.7 - https:\/\/yoast.com\/wordpress\/plugins\/seo\/ -->\n<title>TALLERES PRACTICOS -<\/title>\n<meta name=\"robots\" content=\"index, follow, max-snippet:-1, max-image-preview:large, max-video-preview:-1\" \/>\n<link rel=\"canonical\" href=\"https:\/\/dev.xnet-x.net\/ca\/los-oxcars\/programa\/sabadotaller\/\" \/>\n<meta name=\"twitter:label1\" content=\"Est. reading time\" \/>\n\t<meta name=\"twitter:data1\" content=\"10 minutes\" \/>\n<script type=\"application\/ld+json\" class=\"yoast-schema-graph\">{\"@context\":\"https:\/\/schema.org\",\"@graph\":[{\"@type\":\"WebPage\",\"@id\":\"https:\/\/dev.xnet-x.net\/ca\/los-oxcars\/programa\/sabadotaller\/\",\"url\":\"https:\/\/dev.xnet-x.net\/ca\/los-oxcars\/programa\/sabadotaller\/\",\"name\":\"TALLERES PRACTICOS -\",\"isPartOf\":{\"@id\":\"https:\/\/dev.xnet-x.net\/ca\/#website\"},\"primaryImageOfPage\":{\"@id\":\"https:\/\/dev.xnet-x.net\/ca\/los-oxcars\/programa\/sabadotaller\/#primaryimage\"},\"image\":{\"@id\":\"https:\/\/dev.xnet-x.net\/ca\/los-oxcars\/programa\/sabadotaller\/#primaryimage\"},\"thumbnailUrl\":\"http:\/\/farm4.static.flickr.com\/3245\/2824905225_e914b6a254_m.jpg\",\"datePublished\":\"2008-09-17T17:51:21+00:00\",\"dateModified\":\"2011-03-24T16:00:10+00:00\",\"breadcrumb\":{\"@id\":\"https:\/\/dev.xnet-x.net\/ca\/los-oxcars\/programa\/sabadotaller\/#breadcrumb\"},\"inLanguage\":\"ca-ES\",\"potentialAction\":[{\"@type\":\"ReadAction\",\"target\":[[\"https:\/\/dev.xnet-x.net\/ca\/los-oxcars\/programa\/sabadotaller\/\"]]}]},{\"@type\":\"ImageObject\",\"inLanguage\":\"ca-ES\",\"@id\":\"https:\/\/dev.xnet-x.net\/ca\/los-oxcars\/programa\/sabadotaller\/#primaryimage\",\"url\":\"http:\/\/farm4.static.flickr.com\/3245\/2824905225_e914b6a254_m.jpg\",\"contentUrl\":\"http:\/\/farm4.static.flickr.com\/3245\/2824905225_e914b6a254_m.jpg\"},{\"@type\":\"BreadcrumbList\",\"@id\":\"https:\/\/dev.xnet-x.net\/ca\/los-oxcars\/programa\/sabadotaller\/#breadcrumb\",\"itemListElement\":[{\"@type\":\"ListItem\",\"position\":1,\"name\":\"Portada\",\"item\":\"https:\/\/dev.xnet-x.net\/ca\/\"},{\"@type\":\"ListItem\",\"position\":2,\"name\":\"Los OXcars\",\"item\":\"https:\/\/dev.xnet-x.net\/ca\/los-oxcars\/\"},{\"@type\":\"ListItem\",\"position\":3,\"name\":\"Programa\",\"item\":\"https:\/\/dev.xnet-x.net\/ca\/los-oxcars\/programa\/\"},{\"@type\":\"ListItem\",\"position\":4,\"name\":\"TALLERES PRACTICOS\"}]},{\"@type\":\"WebSite\",\"@id\":\"https:\/\/dev.xnet-x.net\/ca\/#website\",\"url\":\"https:\/\/dev.xnet-x.net\/ca\/\",\"name\":\"[:es]Xnet - Internet, derechos y democracia en la era digital[:ca]Xnet - Internet, drets i democr\u00e0cia en l'era digital[:en]Xnet - Internet freedoms & digital rights[:]\",\"description\":\"Xnet: Internet, informaci\u00f3 i cultura lliures. Tecnopol\u00edtica. Dades, algoritmes i drets digitals. Llibertat d&#039;expressi\u00f3. Democr\u00e0cia i anticorrupci\u00f3\",\"publisher\":{\"@id\":\"https:\/\/dev.xnet-x.net\/ca\/#organization\"},\"potentialAction\":[{\"@type\":\"SearchAction\",\"target\":{\"@type\":\"EntryPoint\",\"urlTemplate\":\"https:\/\/dev.xnet-x.net\/ca\/?s={search_term_string}\"},\"query-input\":{\"@type\":\"PropertyValueSpecification\",\"valueRequired\":true,\"valueName\":\"search_term_string\"}}],\"inLanguage\":\"ca-ES\"},{\"@type\":\"Organization\",\"@id\":\"https:\/\/dev.xnet-x.net\/ca\/#organization\",\"name\":\"Xnet - Internet, drets i democr\u00e0cia en l'era digital\",\"url\":\"https:\/\/dev.xnet-x.net\/ca\/\",\"logo\":{\"@type\":\"ImageObject\",\"inLanguage\":\"ca-ES\",\"@id\":\"https:\/\/dev.xnet-x.net\/ca\/#\/schema\/logo\/image\/\",\"url\":\"https:\/\/xnet-x.net\/img\/xnet-logo.png\",\"contentUrl\":\"https:\/\/xnet-x.net\/img\/xnet-logo.png\",\"width\":512,\"height\":512,\"caption\":\"Xnet - Internet, drets i democr\u00e0cia en l'era digital\"},\"image\":{\"@id\":\"https:\/\/dev.xnet-x.net\/ca\/#\/schema\/logo\/image\/\"},\"sameAs\":[\"http:\/\/facebook.com\/RedX.Net\/\",\"https:\/\/x.com\/x_net_\",\"https:\/\/es.wikipedia.org\/wiki\/Xnet\"]}]}<\/script>\n<!-- \/ Yoast SEO plugin. -->","yoast_head_json":{"title":"TALLERES PRACTICOS -","robots":{"index":"index","follow":"follow","max-snippet":"max-snippet:-1","max-image-preview":"max-image-preview:large","max-video-preview":"max-video-preview:-1"},"canonical":"https:\/\/dev.xnet-x.net\/ca\/los-oxcars\/programa\/sabadotaller\/","twitter_misc":{"Est. reading time":"10 minutes"},"schema":{"@context":"https:\/\/schema.org","@graph":[{"@type":"WebPage","@id":"https:\/\/dev.xnet-x.net\/ca\/los-oxcars\/programa\/sabadotaller\/","url":"https:\/\/dev.xnet-x.net\/ca\/los-oxcars\/programa\/sabadotaller\/","name":"TALLERES PRACTICOS -","isPartOf":{"@id":"https:\/\/dev.xnet-x.net\/ca\/#website"},"primaryImageOfPage":{"@id":"https:\/\/dev.xnet-x.net\/ca\/los-oxcars\/programa\/sabadotaller\/#primaryimage"},"image":{"@id":"https:\/\/dev.xnet-x.net\/ca\/los-oxcars\/programa\/sabadotaller\/#primaryimage"},"thumbnailUrl":"http:\/\/farm4.static.flickr.com\/3245\/2824905225_e914b6a254_m.jpg","datePublished":"2008-09-17T17:51:21+00:00","dateModified":"2011-03-24T16:00:10+00:00","breadcrumb":{"@id":"https:\/\/dev.xnet-x.net\/ca\/los-oxcars\/programa\/sabadotaller\/#breadcrumb"},"inLanguage":"ca-ES","potentialAction":[{"@type":"ReadAction","target":[["https:\/\/dev.xnet-x.net\/ca\/los-oxcars\/programa\/sabadotaller\/"]]}]},{"@type":"ImageObject","inLanguage":"ca-ES","@id":"https:\/\/dev.xnet-x.net\/ca\/los-oxcars\/programa\/sabadotaller\/#primaryimage","url":"http:\/\/farm4.static.flickr.com\/3245\/2824905225_e914b6a254_m.jpg","contentUrl":"http:\/\/farm4.static.flickr.com\/3245\/2824905225_e914b6a254_m.jpg"},{"@type":"BreadcrumbList","@id":"https:\/\/dev.xnet-x.net\/ca\/los-oxcars\/programa\/sabadotaller\/#breadcrumb","itemListElement":[{"@type":"ListItem","position":1,"name":"Portada","item":"https:\/\/dev.xnet-x.net\/ca\/"},{"@type":"ListItem","position":2,"name":"Los OXcars","item":"https:\/\/dev.xnet-x.net\/ca\/los-oxcars\/"},{"@type":"ListItem","position":3,"name":"Programa","item":"https:\/\/dev.xnet-x.net\/ca\/los-oxcars\/programa\/"},{"@type":"ListItem","position":4,"name":"TALLERES PRACTICOS"}]},{"@type":"WebSite","@id":"https:\/\/dev.xnet-x.net\/ca\/#website","url":"https:\/\/dev.xnet-x.net\/ca\/","name":"[:es]Xnet - Internet, derechos y democracia en la era digital[:ca]Xnet - Internet, drets i democr\u00e0cia en l'era digital[:en]Xnet - Internet freedoms & digital rights[:]","description":"Xnet: Internet, informaci\u00f3 i cultura lliures. Tecnopol\u00edtica. Dades, algoritmes i drets digitals. Llibertat d&#039;expressi\u00f3. Democr\u00e0cia i anticorrupci\u00f3","publisher":{"@id":"https:\/\/dev.xnet-x.net\/ca\/#organization"},"potentialAction":[{"@type":"SearchAction","target":{"@type":"EntryPoint","urlTemplate":"https:\/\/dev.xnet-x.net\/ca\/?s={search_term_string}"},"query-input":{"@type":"PropertyValueSpecification","valueRequired":true,"valueName":"search_term_string"}}],"inLanguage":"ca-ES"},{"@type":"Organization","@id":"https:\/\/dev.xnet-x.net\/ca\/#organization","name":"Xnet - Internet, drets i democr\u00e0cia en l'era digital","url":"https:\/\/dev.xnet-x.net\/ca\/","logo":{"@type":"ImageObject","inLanguage":"ca-ES","@id":"https:\/\/dev.xnet-x.net\/ca\/#\/schema\/logo\/image\/","url":"https:\/\/xnet-x.net\/img\/xnet-logo.png","contentUrl":"https:\/\/xnet-x.net\/img\/xnet-logo.png","width":512,"height":512,"caption":"Xnet - Internet, drets i democr\u00e0cia en l'era digital"},"image":{"@id":"https:\/\/dev.xnet-x.net\/ca\/#\/schema\/logo\/image\/"},"sameAs":["http:\/\/facebook.com\/RedX.Net\/","https:\/\/x.com\/x_net_","https:\/\/es.wikipedia.org\/wiki\/Xnet"]}]}},"_links":{"self":[{"href":"https:\/\/dev.xnet-x.net\/ca\/wp-json\/wp\/v2\/pages\/217","targetHints":{"allow":["GET"]}}],"collection":[{"href":"https:\/\/dev.xnet-x.net\/ca\/wp-json\/wp\/v2\/pages"}],"about":[{"href":"https:\/\/dev.xnet-x.net\/ca\/wp-json\/wp\/v2\/types\/page"}],"author":[{"embeddable":true,"href":"https:\/\/dev.xnet-x.net\/ca\/wp-json\/wp\/v2\/users\/5"}],"replies":[{"embeddable":true,"href":"https:\/\/dev.xnet-x.net\/ca\/wp-json\/wp\/v2\/comments?post=217"}],"version-history":[{"count":1,"href":"https:\/\/dev.xnet-x.net\/ca\/wp-json\/wp\/v2\/pages\/217\/revisions"}],"predecessor-version":[{"id":3579,"href":"https:\/\/dev.xnet-x.net\/ca\/wp-json\/wp\/v2\/pages\/217\/revisions\/3579"}],"up":[{"embeddable":true,"href":"https:\/\/dev.xnet-x.net\/ca\/wp-json\/wp\/v2\/pages\/136"}],"wp:attachment":[{"href":"https:\/\/dev.xnet-x.net\/ca\/wp-json\/wp\/v2\/media?parent=217"}],"curies":[{"name":"wp","href":"https:\/\/api.w.org\/{rel}","templated":true}]}}