{"id":1858,"date":"2010-11-16T00:55:38","date_gmt":"2010-11-15T23:55:38","guid":{"rendered":"http:\/\/la-ex.net\/?page_id=1858"},"modified":"2021-08-17T12:20:07","modified_gmt":"2021-08-17T10:20:07","slug":"como-reclamar-el-canon","status":"publish","type":"page","link":"https:\/\/dev.xnet-x.net\/ca\/como-reclamar-el-canon\/","title":{"rendered":"Com reclamar el c\u00e0non"},"content":{"rendered":"<p><em>[Atenci\u00f3. Tots aquests recursos, els de la secci\u00f3 <a href=\"https:\/\/xnet-x.net\/ca\/contacta-per\/portal-de-cultura-lliure\/\">Recursos de Cultura Lliure<\/a> estan desactualitzats des de 2010. Encara que molts encara poden servir, abans d&#8217;usar-los s&#8217;han de revisar segons la legislaci\u00f3 vigent.] <\/em><br \/>\n&nbsp;<\/p>\n<p>[Per falta de temps i recursos, la traducci\u00f3 al catal\u00e0 d&#8217;aquesta web no est\u00e0 acabada. Si trobes interessants alguns dels nostres documents i tens temps de traduir-los, ens ho pot enviar (si us plau, reproduint la maquetaci\u00f3). Moltes gr\u00e0cies!]<br \/>\n&nbsp;<\/p>\n<p>La reciente sentencia del Tribunal Superior de Justicia Europeo  dictamina que el canon cobrado en Espa\u00f1a es ilegal e indiscriminado.<\/p>\n<p>No se deber\u00eda haber recaudado \u201cal menos\u201d de aquellos sectores que  adquieren los productos para el uso y desarrollo de su actividad  profesional, as\u00ed que: empresas, profesionales, administraciones,  ayuntamientos etc.\u2026 pueden solicitar la devoluci\u00f3n de lo \u201cindebidamente  cobrado\u201d.<\/p>\n<p><strong>Instrucciones reclamaci\u00f3n devoluci\u00f3n del canon:<\/strong><\/p>\n<ul>\n<li>Cumplir con alguno de los supuestos anteriores.<\/li>\n<li>Cumplimentar el formulario.<\/li>\n<li>Adjuntar copia de la factura\/s en las que se ha pagado canon por copia privada.<\/li>\n<li>Realizar 6 copias para enviar el requerimiento a las 6 entidades privadas de gesti\u00f3n que se han repartido el canon.<\/li>\n<li>Enviar los sobres como \u201ccarta certificada con acuse de recibo y contenido\u201d aunque lo ideal es enviar burofa<strong>X<\/strong>.<\/li>\n<\/ul>\n<p>Este ser\u00eda el primer paso necesario, la solicitud formal de la devoluci\u00f3n.<\/p>\n<p>Aqu\u00ed seguido encontrar\u00e1s el modelo de reclamaci\u00f3n. Copialo y rellenalo con los datos faltantes.<\/p>\n<p><strong>Modelo de Reclamaci\u00f3n<\/strong><\/p>\n<p>Sres.<br \/>\nSGAE, Sociedad General de Autores y Editores<br \/>\nFernando VI, 4<br \/>\n28004 Madrid<\/p>\n<p>EGEDA, ENTIDAD DE GESTION DE PRODUCTORES AUDIOVISUALES<br \/>\nLuis Bu\u00f1uel, 2-3\u00aa Edificio EGEDA \u2013 Ciudad de la Imagen &#8211;<br \/>\n28223 Pozuelo de Alarc\u00f3n \u2013 MADRID<\/p>\n<p>VGAP, Visual Entidad de Gesti\u00f3n de Artistas Pl\u00e1sticos<br \/>\nC\/ Nu\u00f1ez de Balboa, 25.<br \/>\n28001, Madrid.<\/p>\n<p>AISGE. ARTISTAS INTERPRETES SOCIEDAD DE GESTION<br \/>\nRuiz de Alarc\u00f3n, 11<br \/>\n28014 Madrid<\/p>\n<p>AIE, Artistas, Int\u00e9rpretes o Ejecutantes, Sociedad de Gesti\u00f3n         de Espa\u00f1a<br \/>\nTorrelara, 8<br \/>\n28016 MADRID<\/p>\n<p>Centro Espa\u00f1ol de Derechos Reprogr\u00e1ficos (CEDRO)<br \/>\nMiguel \u00c1ngel, 23<br \/>\n28010 Madrid<\/p>\n<p>En \u2026\u2026\u2026\u2026\u2026. a \u2026\u2026\u2026\u2026 de\u2026\u2026.. de \u2026\u2026..<\/p>\n<p>Muy Sres. Mios:<\/p>\n<p>Por la presente, y en nombre de la instituci\u00f3n que           represento, me veo en la obligaci\u00f3n de reclamarles           solidariamente las cantidades indebidamente recaudadas por sus           entidades en concepto de \u201cCanon Digital\u201d y que, prudentemente           analizadas, ascienden a la cantidad de \u2026\u2026\u2026..<\/p>\n<p>Esta cifra se corresponde con los soportes y dispositivos           digitales adquiridos por la entidad que represento, desde el mes           de Diciembre el a\u00f1o 2000, y es independiente de otras cantidades           que por similar concepto, pudieran reclamarse por terceros.<\/p>\n<p>Teniendo en cuenta que la Sentencia de fecha 21 de Octubre         de   2010, del Tribunal de Justicia de la Uni\u00f3n Europea, ha venido         a   demostrar que las cantidades abonadas hasta ahora a su           Instituci\u00f3n, por las personas jur\u00eddicas, en concepto de \u201cCanon           Digital\u201d, nunca fueron debidas, debemos deducir que nos           encontramos ante un supuesto jur\u00eddico de \u201ccobro de lo indebido\u201d           (entregarse cantidad no debida en la creencia err\u00f3nea de que           estaba obligado a hacerlo), pudiendo por tanto dar curso a la           literalidad de los art\u00edculos 1895 a 1901 del C\u00f3digo Civil y, en           su caso, debiendo dirigir la acci\u00f3n contra quien acept\u00f3 el pago           (Sentencia del Tribunal Supremo de 30-12-98).<\/p>\n<p>La Ley de Propiedad Intelectual no legitimaba de ninguna           manera a las personas jur\u00eddicas para hacer copias privadas y,           por tanto, nunca pudieron producir los perjuicios que Uds. han           pretendido compensar \u201cequitativamente\u201d con el canon digital. A           pesar de ello, y de la oposici\u00f3n de muchos supuestos \u201cdeudores\u201d,           han estado exigiendo indiscriminadamente su pago, con el desaf\u00edo           de supuestas acciones judiciales, que supuestamente se amparaban           en el acuerdo privado que se firm\u00f3 entre ASIMELEC y las           entidades gestoras de derechos de autor, y que entr\u00f3 en vigor el           1 de Septiembre de 2003, con efectos retroactivos a diciembre de           2002.<\/p>\n<p>En consecuencia, dado que el concepto de \u201ccopia privada\u201d no           puede ser interpretado\/aplicado de forma interesada, que debe           darse cumplimiento a las excepciones previstas en la LPI, y que           nunca un acuerdo privado entre dos grupos de empresas es           vinculante con fuerza de ley a una administraci\u00f3n p\u00fablica ajena           al mismo, es por lo que a partir del recibo del presente           requerimiento, transcurridos 30 d\u00edas del mismo, procederemos a           la reclamaci\u00f3n por v\u00eda judicial de las cantidades que estimamos           debidas.<\/p>\n<p>Quedamos a su disposici\u00f3n a trav\u00e9s de nuestra letrada         \u2026\u2026.,   con domicilio profesional \u2026\u2026., a fin de que, si es         de su   inter\u00e9s, procedan a contactar con su despacho (Tel.:         \u2026.), tanto   para proceder a la devoluci\u00f3n de las cantidades         debidas, m\u00e1s  los  intereses legales preceptivos, como a cualquier          comprobaci\u00f3n de  las cantidades reclamadas o aclaraci\u00f3n de los          conceptos a  reclamar.<\/p>\n<p>Atentamente,<\/p>\n<p>\u2026\u2026.<\/p>\n<p><strong> <\/strong><br \/>\nConsulta tambi\u00e9n:<\/p>\n<p><a title=\"Para saber m\u00e1s sobre como se rcauda y reparte el Canon Digital\" href=\"\/devolucion-canon-por-copia-privada\">Pide la devoluci\u00f3n del Canon digital por copia privada<\/a>: Qui\u00e9n y c\u00f3mo reacuda y reparte el Canon Digital en Espa\u00f1a.<\/p>\n<p><a title=\"Sentencia del Tribunal Europeo sobre la aplicaci\u00f3n del Canon en Espa\u00f1a\" href=\"\/canon-digital-espanol-ilegal\">La sentencia sobre el canon digital se discutir\u00e1 desde la sociedad civil <\/a>: \u00bfQu\u00e9 implica la sentencia del Tribunal de Justicia relativa a la aplicaci\u00f3n del Canon por copia privada en Espa\u00f1a?<\/p>\n<p><a title=\"Accede al modelo de reclamaci\u00f3n del canon\" href=\"\/herramientas\/modelo-de-reclamacion-canon\">Modelo de reclamaci\u00f3n del Canon<\/a>: Carta que puedes utilizar para solicitar la devoluci\u00f3n del Canon.<br \/>\n<\/p>","protected":false},"excerpt":{"rendered":"<p>[Atenci\u00f3. Tots aquests recursos, els de la secci\u00f3 Recursos de Cultura Lliure estan desactualitzats des de 2010. Encara que molts encara poden servir, abans d&#8217;usar-los s&#8217;han de revisar segons la legislaci\u00f3 vigent.] &nbsp; [Per falta de temps i recursos, la traducci\u00f3 al catal\u00e0 d&#8217;aquesta web no est\u00e0 acabada. Si trobes interessants alguns dels nostres documents [&hellip;]<\/p>\n","protected":false},"author":5,"featured_media":0,"parent":0,"menu_order":0,"comment_status":"closed","ping_status":"closed","template":"","meta":{"footnotes":""},"class_list":["post-1858","page","type-page","status-publish","hentry"],"yoast_head":"<!-- This site is optimized with the Yoast SEO plugin v26.7 - https:\/\/yoast.com\/wordpress\/plugins\/seo\/ -->\n<title>Com reclamar el c\u00e0non -<\/title>\n<meta name=\"robots\" content=\"index, follow, max-snippet:-1, max-image-preview:large, max-video-preview:-1\" \/>\n<link rel=\"canonical\" href=\"https:\/\/dev.xnet-x.net\/ca\/como-reclamar-el-canon\/\" \/>\n<meta name=\"twitter:label1\" content=\"Est. reading time\" \/>\n\t<meta name=\"twitter:data1\" content=\"8 minutes\" \/>\n<script type=\"application\/ld+json\" class=\"yoast-schema-graph\">{\"@context\":\"https:\/\/schema.org\",\"@graph\":[{\"@type\":\"WebPage\",\"@id\":\"https:\/\/dev.xnet-x.net\/ca\/como-reclamar-el-canon\/\",\"url\":\"https:\/\/dev.xnet-x.net\/ca\/como-reclamar-el-canon\/\",\"name\":\"Com reclamar el c\u00e0non -\",\"isPartOf\":{\"@id\":\"https:\/\/dev.xnet-x.net\/ca\/#website\"},\"datePublished\":\"2010-11-15T23:55:38+00:00\",\"dateModified\":\"2021-08-17T10:20:07+00:00\",\"breadcrumb\":{\"@id\":\"https:\/\/dev.xnet-x.net\/ca\/como-reclamar-el-canon\/#breadcrumb\"},\"inLanguage\":\"ca-ES\",\"potentialAction\":[{\"@type\":\"ReadAction\",\"target\":[[\"https:\/\/dev.xnet-x.net\/ca\/como-reclamar-el-canon\/\"]]}]},{\"@type\":\"BreadcrumbList\",\"@id\":\"https:\/\/dev.xnet-x.net\/ca\/como-reclamar-el-canon\/#breadcrumb\",\"itemListElement\":[{\"@type\":\"ListItem\",\"position\":1,\"name\":\"Portada\",\"item\":\"https:\/\/dev.xnet-x.net\/ca\/\"},{\"@type\":\"ListItem\",\"position\":2,\"name\":\"C\u00f3mo reclamar el canon\"}]},{\"@type\":\"WebSite\",\"@id\":\"https:\/\/dev.xnet-x.net\/ca\/#website\",\"url\":\"https:\/\/dev.xnet-x.net\/ca\/\",\"name\":\"[:es]Xnet - Internet, derechos y democracia en la era digital[:ca]Xnet - Internet, drets i democr\u00e0cia en l'era digital[:en]Xnet - Internet freedoms & digital rights[:]\",\"description\":\"Xnet: Internet, informaci\u00f3 i cultura lliures. Tecnopol\u00edtica. Dades, algoritmes i drets digitals. Llibertat d&#039;expressi\u00f3. Democr\u00e0cia i anticorrupci\u00f3\",\"publisher\":{\"@id\":\"https:\/\/dev.xnet-x.net\/ca\/#organization\"},\"potentialAction\":[{\"@type\":\"SearchAction\",\"target\":{\"@type\":\"EntryPoint\",\"urlTemplate\":\"https:\/\/dev.xnet-x.net\/ca\/?s={search_term_string}\"},\"query-input\":{\"@type\":\"PropertyValueSpecification\",\"valueRequired\":true,\"valueName\":\"search_term_string\"}}],\"inLanguage\":\"ca-ES\"},{\"@type\":\"Organization\",\"@id\":\"https:\/\/dev.xnet-x.net\/ca\/#organization\",\"name\":\"Xnet - Internet, drets i democr\u00e0cia en l'era digital\",\"url\":\"https:\/\/dev.xnet-x.net\/ca\/\",\"logo\":{\"@type\":\"ImageObject\",\"inLanguage\":\"ca-ES\",\"@id\":\"https:\/\/dev.xnet-x.net\/ca\/#\/schema\/logo\/image\/\",\"url\":\"https:\/\/xnet-x.net\/img\/xnet-logo.png\",\"contentUrl\":\"https:\/\/xnet-x.net\/img\/xnet-logo.png\",\"width\":512,\"height\":512,\"caption\":\"Xnet - Internet, drets i democr\u00e0cia en l'era digital\"},\"image\":{\"@id\":\"https:\/\/dev.xnet-x.net\/ca\/#\/schema\/logo\/image\/\"},\"sameAs\":[\"http:\/\/facebook.com\/RedX.Net\/\",\"https:\/\/x.com\/x_net_\",\"https:\/\/es.wikipedia.org\/wiki\/Xnet\"]}]}<\/script>\n<!-- \/ Yoast SEO plugin. -->","yoast_head_json":{"title":"Com reclamar el c\u00e0non -","robots":{"index":"index","follow":"follow","max-snippet":"max-snippet:-1","max-image-preview":"max-image-preview:large","max-video-preview":"max-video-preview:-1"},"canonical":"https:\/\/dev.xnet-x.net\/ca\/como-reclamar-el-canon\/","twitter_misc":{"Est. reading time":"8 minutes"},"schema":{"@context":"https:\/\/schema.org","@graph":[{"@type":"WebPage","@id":"https:\/\/dev.xnet-x.net\/ca\/como-reclamar-el-canon\/","url":"https:\/\/dev.xnet-x.net\/ca\/como-reclamar-el-canon\/","name":"Com reclamar el c\u00e0non -","isPartOf":{"@id":"https:\/\/dev.xnet-x.net\/ca\/#website"},"datePublished":"2010-11-15T23:55:38+00:00","dateModified":"2021-08-17T10:20:07+00:00","breadcrumb":{"@id":"https:\/\/dev.xnet-x.net\/ca\/como-reclamar-el-canon\/#breadcrumb"},"inLanguage":"ca-ES","potentialAction":[{"@type":"ReadAction","target":[["https:\/\/dev.xnet-x.net\/ca\/como-reclamar-el-canon\/"]]}]},{"@type":"BreadcrumbList","@id":"https:\/\/dev.xnet-x.net\/ca\/como-reclamar-el-canon\/#breadcrumb","itemListElement":[{"@type":"ListItem","position":1,"name":"Portada","item":"https:\/\/dev.xnet-x.net\/ca\/"},{"@type":"ListItem","position":2,"name":"C\u00f3mo reclamar el canon"}]},{"@type":"WebSite","@id":"https:\/\/dev.xnet-x.net\/ca\/#website","url":"https:\/\/dev.xnet-x.net\/ca\/","name":"[:es]Xnet - Internet, derechos y democracia en la era digital[:ca]Xnet - Internet, drets i democr\u00e0cia en l'era digital[:en]Xnet - Internet freedoms & digital rights[:]","description":"Xnet: Internet, informaci\u00f3 i cultura lliures. Tecnopol\u00edtica. Dades, algoritmes i drets digitals. Llibertat d&#039;expressi\u00f3. Democr\u00e0cia i anticorrupci\u00f3","publisher":{"@id":"https:\/\/dev.xnet-x.net\/ca\/#organization"},"potentialAction":[{"@type":"SearchAction","target":{"@type":"EntryPoint","urlTemplate":"https:\/\/dev.xnet-x.net\/ca\/?s={search_term_string}"},"query-input":{"@type":"PropertyValueSpecification","valueRequired":true,"valueName":"search_term_string"}}],"inLanguage":"ca-ES"},{"@type":"Organization","@id":"https:\/\/dev.xnet-x.net\/ca\/#organization","name":"Xnet - Internet, drets i democr\u00e0cia en l'era digital","url":"https:\/\/dev.xnet-x.net\/ca\/","logo":{"@type":"ImageObject","inLanguage":"ca-ES","@id":"https:\/\/dev.xnet-x.net\/ca\/#\/schema\/logo\/image\/","url":"https:\/\/xnet-x.net\/img\/xnet-logo.png","contentUrl":"https:\/\/xnet-x.net\/img\/xnet-logo.png","width":512,"height":512,"caption":"Xnet - Internet, drets i democr\u00e0cia en l'era digital"},"image":{"@id":"https:\/\/dev.xnet-x.net\/ca\/#\/schema\/logo\/image\/"},"sameAs":["http:\/\/facebook.com\/RedX.Net\/","https:\/\/x.com\/x_net_","https:\/\/es.wikipedia.org\/wiki\/Xnet"]}]}},"_links":{"self":[{"href":"https:\/\/dev.xnet-x.net\/ca\/wp-json\/wp\/v2\/pages\/1858","targetHints":{"allow":["GET"]}}],"collection":[{"href":"https:\/\/dev.xnet-x.net\/ca\/wp-json\/wp\/v2\/pages"}],"about":[{"href":"https:\/\/dev.xnet-x.net\/ca\/wp-json\/wp\/v2\/types\/page"}],"author":[{"embeddable":true,"href":"https:\/\/dev.xnet-x.net\/ca\/wp-json\/wp\/v2\/users\/5"}],"replies":[{"embeddable":true,"href":"https:\/\/dev.xnet-x.net\/ca\/wp-json\/wp\/v2\/comments?post=1858"}],"version-history":[{"count":7,"href":"https:\/\/dev.xnet-x.net\/ca\/wp-json\/wp\/v2\/pages\/1858\/revisions"}],"predecessor-version":[{"id":22802,"href":"https:\/\/dev.xnet-x.net\/ca\/wp-json\/wp\/v2\/pages\/1858\/revisions\/22802"}],"wp:attachment":[{"href":"https:\/\/dev.xnet-x.net\/ca\/wp-json\/wp\/v2\/media?parent=1858"}],"curies":[{"name":"wp","href":"https:\/\/api.w.org\/{rel}","templated":true}]}}