{"id":141,"date":"2008-09-03T17:43:10","date_gmt":"2008-09-03T15:43:10","guid":{"rendered":"http:\/\/la-ex.net\/?page_id=141"},"modified":"2011-03-24T17:25:55","modified_gmt":"2011-03-24T16:25:55","slug":"127es","status":"publish","type":"page","link":"https:\/\/dev.xnet-x.net\/ca\/los-oxcars\/programa\/127es\/","title":{"rendered":"127.es\/Aerenev: (actuaci\u00f3n multimedia)"},"content":{"rendered":"<p>[Per falta de temps i recursos, la traducci\u00f3 al catal\u00e0 d&#8217;aquesta web no est\u00e0 acabada. Si trobes interessants alguns dels nostres documents i tens temps de traduir-los, ens ho pot enviar (si us plau, reproduint la maquetaci\u00f3). Moltes gr\u00e0cies!]<\/p>\n<p><img loading=\"lazy\" decoding=\"async\" class=\"alignleft\" style=\"float: left; margin-top: 6px; margin-bottom: 6px;\" src=\"http:\/\/farm4.static.flickr.com\/3267\/2824904343_5037e52f19_m.jpg\" alt=\"\" width=\"219\" height=\"240\" \/><\/p>\n<p>Es una galer\u00eda de arte digital.\u00a0 Bajo licencia de creative commons este dominio de internet permite a creadores, que puedan digitalizar su obra, un lugar donde exponerla, darla a conocer, encontrarse con otros creadores y obtener beneficios econ\u00f3micos de su trabajo a trav\u00e9s de la publicidad. A trav\u00e9s de 127 es posible descargarse gratis todas las creaciones de la p\u00e1gina: m\u00fasica, novelas, fotograf\u00edas, poes\u00eda, ensayos, cortometrajes, dibujos, animaciones, samplers, etc. Todo aquello que los creadores de 127 quieran compartir.<br \/>\nEl compositor <strong>Enrique Sierra<\/strong>, miembro del m\u00edtico grupo Radio Futura, fue quien cre\u00f3 el 10 de septiembre de 2007 este\u00a0 portal de descargas gratuitas, ampar\u00e1ndose en la idea de que las nuevas tecnolog\u00edas ofrecen la posibilidad de \u201ccrear una obra y llegar hasta su publicaci\u00f3n sin necesidad de intermediarios\u201d. A la semana de su creaci\u00f3n m\u00e1s de 223 creadores se registraron y ya contaba con m\u00e1s de 400 obras publicadas, todas bajo licencia creative commons.<br \/>\nEn la gala de los oXcars 127 presentar\u00e1 a <strong>Aerenev<\/strong>. Aerenev est\u00e1 compuesto por un teclado-sintetizador, una bater\u00eda electr\u00f3nica, una guitarra el\u00e9ctrica y una voz. Desde 1997 ha evolucionado desde la experimentaci\u00f3n hacia un pop electr\u00f3nico con pornoternura en los textos y texturas sint\u00e9ticas en la escena. Entre tanto ha publicado 4 trabajos: Repleta [Surco-1997], Bonita [Everlasting-2002], Preciosa [Everlasting-2004] y Resplandeciente 4&#215;4 [127-2007]<br \/>\n<a href=\"http:\/\/www.127.es\/\" target=\"_blank\">http:\/\/www.127.es\/<\/a><\/p>","protected":false},"excerpt":{"rendered":"<p>[Per falta de temps i recursos, la traducci\u00f3 al catal\u00e0 d&#8217;aquesta web no est\u00e0 acabada. Si trobes interessants alguns dels nostres documents i tens temps de traduir-los, ens ho pot enviar (si us plau, reproduint la maquetaci\u00f3). Moltes gr\u00e0cies!] Es una galer\u00eda de arte digital.\u00a0 Bajo licencia de creative commons este dominio de internet permite [&hellip;]<\/p>\n","protected":false},"author":5,"featured_media":0,"parent":136,"menu_order":0,"comment_status":"open","ping_status":"closed","template":"","meta":{"footnotes":""},"class_list":["post-141","page","type-page","status-publish","hentry"],"yoast_head":"<!-- This site is optimized with the Yoast SEO plugin v26.7 - https:\/\/yoast.com\/wordpress\/plugins\/seo\/ -->\n<title>127.es\/Aerenev: (actuaci\u00f3n multimedia) -<\/title>\n<meta name=\"robots\" content=\"index, follow, max-snippet:-1, max-image-preview:large, max-video-preview:-1\" \/>\n<link rel=\"canonical\" href=\"https:\/\/dev.xnet-x.net\/ca\/los-oxcars\/programa\/127es\/\" \/>\n<meta name=\"twitter:label1\" content=\"Est. reading time\" \/>\n\t<meta name=\"twitter:data1\" content=\"3 minutes\" \/>\n<script type=\"application\/ld+json\" class=\"yoast-schema-graph\">{\"@context\":\"https:\/\/schema.org\",\"@graph\":[{\"@type\":\"WebPage\",\"@id\":\"https:\/\/dev.xnet-x.net\/ca\/los-oxcars\/programa\/127es\/\",\"url\":\"https:\/\/dev.xnet-x.net\/ca\/los-oxcars\/programa\/127es\/\",\"name\":\"127.es\/Aerenev: (actuaci\u00f3n multimedia) -\",\"isPartOf\":{\"@id\":\"https:\/\/dev.xnet-x.net\/ca\/#website\"},\"primaryImageOfPage\":{\"@id\":\"https:\/\/dev.xnet-x.net\/ca\/los-oxcars\/programa\/127es\/#primaryimage\"},\"image\":{\"@id\":\"https:\/\/dev.xnet-x.net\/ca\/los-oxcars\/programa\/127es\/#primaryimage\"},\"thumbnailUrl\":\"http:\/\/farm4.static.flickr.com\/3267\/2824904343_5037e52f19_m.jpg\",\"datePublished\":\"2008-09-03T15:43:10+00:00\",\"dateModified\":\"2011-03-24T16:25:55+00:00\",\"breadcrumb\":{\"@id\":\"https:\/\/dev.xnet-x.net\/ca\/los-oxcars\/programa\/127es\/#breadcrumb\"},\"inLanguage\":\"ca-ES\",\"potentialAction\":[{\"@type\":\"ReadAction\",\"target\":[[\"https:\/\/dev.xnet-x.net\/ca\/los-oxcars\/programa\/127es\/\"]]}]},{\"@type\":\"ImageObject\",\"inLanguage\":\"ca-ES\",\"@id\":\"https:\/\/dev.xnet-x.net\/ca\/los-oxcars\/programa\/127es\/#primaryimage\",\"url\":\"http:\/\/farm4.static.flickr.com\/3267\/2824904343_5037e52f19_m.jpg\",\"contentUrl\":\"http:\/\/farm4.static.flickr.com\/3267\/2824904343_5037e52f19_m.jpg\"},{\"@type\":\"BreadcrumbList\",\"@id\":\"https:\/\/dev.xnet-x.net\/ca\/los-oxcars\/programa\/127es\/#breadcrumb\",\"itemListElement\":[{\"@type\":\"ListItem\",\"position\":1,\"name\":\"Portada\",\"item\":\"https:\/\/dev.xnet-x.net\/ca\/\"},{\"@type\":\"ListItem\",\"position\":2,\"name\":\"Los OXcars\",\"item\":\"https:\/\/dev.xnet-x.net\/ca\/los-oxcars\/\"},{\"@type\":\"ListItem\",\"position\":3,\"name\":\"Programa\",\"item\":\"https:\/\/dev.xnet-x.net\/ca\/los-oxcars\/programa\/\"},{\"@type\":\"ListItem\",\"position\":4,\"name\":\"127.es\/Aerenev: (actuaci\u00f3n multimedia)\"}]},{\"@type\":\"WebSite\",\"@id\":\"https:\/\/dev.xnet-x.net\/ca\/#website\",\"url\":\"https:\/\/dev.xnet-x.net\/ca\/\",\"name\":\"[:es]Xnet - Internet, derechos y democracia en la era digital[:ca]Xnet - Internet, drets i democr\u00e0cia en l'era digital[:en]Xnet - Internet freedoms & digital rights[:]\",\"description\":\"Xnet: Internet, informaci\u00f3 i cultura lliures. Tecnopol\u00edtica. Dades, algoritmes i drets digitals. Llibertat d&#039;expressi\u00f3. Democr\u00e0cia i anticorrupci\u00f3\",\"publisher\":{\"@id\":\"https:\/\/dev.xnet-x.net\/ca\/#organization\"},\"potentialAction\":[{\"@type\":\"SearchAction\",\"target\":{\"@type\":\"EntryPoint\",\"urlTemplate\":\"https:\/\/dev.xnet-x.net\/ca\/?s={search_term_string}\"},\"query-input\":{\"@type\":\"PropertyValueSpecification\",\"valueRequired\":true,\"valueName\":\"search_term_string\"}}],\"inLanguage\":\"ca-ES\"},{\"@type\":\"Organization\",\"@id\":\"https:\/\/dev.xnet-x.net\/ca\/#organization\",\"name\":\"Xnet - Internet, drets i democr\u00e0cia en l'era digital\",\"url\":\"https:\/\/dev.xnet-x.net\/ca\/\",\"logo\":{\"@type\":\"ImageObject\",\"inLanguage\":\"ca-ES\",\"@id\":\"https:\/\/dev.xnet-x.net\/ca\/#\/schema\/logo\/image\/\",\"url\":\"https:\/\/xnet-x.net\/img\/xnet-logo.png\",\"contentUrl\":\"https:\/\/xnet-x.net\/img\/xnet-logo.png\",\"width\":512,\"height\":512,\"caption\":\"Xnet - Internet, drets i democr\u00e0cia en l'era digital\"},\"image\":{\"@id\":\"https:\/\/dev.xnet-x.net\/ca\/#\/schema\/logo\/image\/\"},\"sameAs\":[\"http:\/\/facebook.com\/RedX.Net\/\",\"https:\/\/x.com\/x_net_\",\"https:\/\/es.wikipedia.org\/wiki\/Xnet\"]}]}<\/script>\n<!-- \/ Yoast SEO plugin. -->","yoast_head_json":{"title":"127.es\/Aerenev: (actuaci\u00f3n multimedia) -","robots":{"index":"index","follow":"follow","max-snippet":"max-snippet:-1","max-image-preview":"max-image-preview:large","max-video-preview":"max-video-preview:-1"},"canonical":"https:\/\/dev.xnet-x.net\/ca\/los-oxcars\/programa\/127es\/","twitter_misc":{"Est. reading time":"3 minutes"},"schema":{"@context":"https:\/\/schema.org","@graph":[{"@type":"WebPage","@id":"https:\/\/dev.xnet-x.net\/ca\/los-oxcars\/programa\/127es\/","url":"https:\/\/dev.xnet-x.net\/ca\/los-oxcars\/programa\/127es\/","name":"127.es\/Aerenev: (actuaci\u00f3n multimedia) -","isPartOf":{"@id":"https:\/\/dev.xnet-x.net\/ca\/#website"},"primaryImageOfPage":{"@id":"https:\/\/dev.xnet-x.net\/ca\/los-oxcars\/programa\/127es\/#primaryimage"},"image":{"@id":"https:\/\/dev.xnet-x.net\/ca\/los-oxcars\/programa\/127es\/#primaryimage"},"thumbnailUrl":"http:\/\/farm4.static.flickr.com\/3267\/2824904343_5037e52f19_m.jpg","datePublished":"2008-09-03T15:43:10+00:00","dateModified":"2011-03-24T16:25:55+00:00","breadcrumb":{"@id":"https:\/\/dev.xnet-x.net\/ca\/los-oxcars\/programa\/127es\/#breadcrumb"},"inLanguage":"ca-ES","potentialAction":[{"@type":"ReadAction","target":[["https:\/\/dev.xnet-x.net\/ca\/los-oxcars\/programa\/127es\/"]]}]},{"@type":"ImageObject","inLanguage":"ca-ES","@id":"https:\/\/dev.xnet-x.net\/ca\/los-oxcars\/programa\/127es\/#primaryimage","url":"http:\/\/farm4.static.flickr.com\/3267\/2824904343_5037e52f19_m.jpg","contentUrl":"http:\/\/farm4.static.flickr.com\/3267\/2824904343_5037e52f19_m.jpg"},{"@type":"BreadcrumbList","@id":"https:\/\/dev.xnet-x.net\/ca\/los-oxcars\/programa\/127es\/#breadcrumb","itemListElement":[{"@type":"ListItem","position":1,"name":"Portada","item":"https:\/\/dev.xnet-x.net\/ca\/"},{"@type":"ListItem","position":2,"name":"Los OXcars","item":"https:\/\/dev.xnet-x.net\/ca\/los-oxcars\/"},{"@type":"ListItem","position":3,"name":"Programa","item":"https:\/\/dev.xnet-x.net\/ca\/los-oxcars\/programa\/"},{"@type":"ListItem","position":4,"name":"127.es\/Aerenev: (actuaci\u00f3n multimedia)"}]},{"@type":"WebSite","@id":"https:\/\/dev.xnet-x.net\/ca\/#website","url":"https:\/\/dev.xnet-x.net\/ca\/","name":"[:es]Xnet - Internet, derechos y democracia en la era digital[:ca]Xnet - Internet, drets i democr\u00e0cia en l'era digital[:en]Xnet - Internet freedoms & digital rights[:]","description":"Xnet: Internet, informaci\u00f3 i cultura lliures. Tecnopol\u00edtica. Dades, algoritmes i drets digitals. Llibertat d&#039;expressi\u00f3. Democr\u00e0cia i anticorrupci\u00f3","publisher":{"@id":"https:\/\/dev.xnet-x.net\/ca\/#organization"},"potentialAction":[{"@type":"SearchAction","target":{"@type":"EntryPoint","urlTemplate":"https:\/\/dev.xnet-x.net\/ca\/?s={search_term_string}"},"query-input":{"@type":"PropertyValueSpecification","valueRequired":true,"valueName":"search_term_string"}}],"inLanguage":"ca-ES"},{"@type":"Organization","@id":"https:\/\/dev.xnet-x.net\/ca\/#organization","name":"Xnet - Internet, drets i democr\u00e0cia en l'era digital","url":"https:\/\/dev.xnet-x.net\/ca\/","logo":{"@type":"ImageObject","inLanguage":"ca-ES","@id":"https:\/\/dev.xnet-x.net\/ca\/#\/schema\/logo\/image\/","url":"https:\/\/xnet-x.net\/img\/xnet-logo.png","contentUrl":"https:\/\/xnet-x.net\/img\/xnet-logo.png","width":512,"height":512,"caption":"Xnet - Internet, drets i democr\u00e0cia en l'era digital"},"image":{"@id":"https:\/\/dev.xnet-x.net\/ca\/#\/schema\/logo\/image\/"},"sameAs":["http:\/\/facebook.com\/RedX.Net\/","https:\/\/x.com\/x_net_","https:\/\/es.wikipedia.org\/wiki\/Xnet"]}]}},"_links":{"self":[{"href":"https:\/\/dev.xnet-x.net\/ca\/wp-json\/wp\/v2\/pages\/141","targetHints":{"allow":["GET"]}}],"collection":[{"href":"https:\/\/dev.xnet-x.net\/ca\/wp-json\/wp\/v2\/pages"}],"about":[{"href":"https:\/\/dev.xnet-x.net\/ca\/wp-json\/wp\/v2\/types\/page"}],"author":[{"embeddable":true,"href":"https:\/\/dev.xnet-x.net\/ca\/wp-json\/wp\/v2\/users\/5"}],"replies":[{"embeddable":true,"href":"https:\/\/dev.xnet-x.net\/ca\/wp-json\/wp\/v2\/comments?post=141"}],"version-history":[{"count":1,"href":"https:\/\/dev.xnet-x.net\/ca\/wp-json\/wp\/v2\/pages\/141\/revisions"}],"predecessor-version":[{"id":3593,"href":"https:\/\/dev.xnet-x.net\/ca\/wp-json\/wp\/v2\/pages\/141\/revisions\/3593"}],"up":[{"embeddable":true,"href":"https:\/\/dev.xnet-x.net\/ca\/wp-json\/wp\/v2\/pages\/136"}],"wp:attachment":[{"href":"https:\/\/dev.xnet-x.net\/ca\/wp-json\/wp\/v2\/media?parent=141"}],"curies":[{"name":"wp","href":"https:\/\/api.w.org\/{rel}","templated":true}]}}